{"id":7217,"date":"2024-06-27T05:56:58","date_gmt":"2024-06-27T05:56:58","guid":{"rendered":"https:\/\/taifasfestival.mywp.ro\/?page_id=7217"},"modified":"2025-12-15T19:58:51","modified_gmt":"2025-12-15T19:58:51","slug":"rezidenta-literara-eseuri-si-impresii","status":"publish","type":"page","link":"https:\/\/taifasfestival.ro\/en\/rezidenta-literara-eseuri-si-impresii\/","title":{"rendered":"Eseuri \u0219i impresii"},"content":{"rendered":"<div data-elementor-type=\"wp-page\" data-elementor-id=\"7217\" class=\"elementor elementor-7217\" data-elementor-post-type=\"page\">\n\t\t\t\t\t\t<section data-section-luminosity=\"light\" class=\"elementor-section elementor-top-section elementor-element elementor-element-7a47f4b elementor-section-boxed elementor-section-height-default elementor-section-height-default\" data-id=\"7a47f4b\" data-element_type=\"section\">\n\t\t\t\t\t\t<div class=\"elementor-container elementor-column-gap-default\">\n\t\t\t\t\t<div class=\"elementor-column elementor-col-100 elementor-top-column elementor-element elementor-element-3affdc6\" data-id=\"3affdc6\" data-element_type=\"column\">\n\t\t\t<div class=\"elementor-widget-wrap elementor-element-populated\">\n\t\t\t\t\t\t<div class=\"elementor-element elementor-element-9a2ed5b elementor-widget__width-auto elementor-widget elementor-widget-hub_fancy_heading\" data-id=\"9a2ed5b\" data-element_type=\"widget\" data-widget_type=\"hub_fancy_heading.default\">\n\t\t\t\t<div class=\"elementor-widget-container\">\n\t\t\t\t\t\n\t\t<div id=\"ld-fancy-heading-69ef27d4cbfc7\" class=\"ld-fancy-heading pos-rel\">\n\t\t\t<h2 class=\"ld-fh-element d-inline-block pos-rel  elementor-heading-title lqd-highlight-classic lqd-highlight-grow-left h2\"  > Eseuri \u0219i impresii<\/h2>\t\t<\/div>\n\n\t\t\t\t\t\t<\/div>\n\t\t\t\t<\/div>\n\t\t\t\t<div class=\"elementor-element elementor-element-593e7df elementor-widget-divider--view-line elementor-widget elementor-widget-divider\" data-id=\"593e7df\" data-element_type=\"widget\" data-widget_type=\"divider.default\">\n\t\t\t\t<div class=\"elementor-widget-container\">\n\t\t\t\t\t\t\t<div class=\"elementor-divider\">\n\t\t\t<span class=\"elementor-divider-separator\">\n\t\t\t\t\t\t<\/span>\n\t\t<\/div>\n\t\t\t\t\t\t<\/div>\n\t\t\t\t<\/div>\n\t\t\t\t<div class=\"elementor-element elementor-element-4742490 elementor-widget elementor-widget-ld_blog\" data-id=\"4742490\" data-element_type=\"widget\" data-widget_type=\"ld_blog.default\">\n\t\t\t\t<div class=\"elementor-widget-container\">\n\t\t\t\t\t<div class=\"lqd-lp-grid 4742490 blog-id-74720400\">\r\n<div class=\"row\">\r\n\t<div class=\"col-md-12\">\t\t\t\t\t\r\n\t\t<div class=\"liquid-filter-items align-items-center\">\t\r\n\t\t\t<div class=\"liquid-filter-items\">\r\n\t\t\t\t\r\n\t\t\t\t\t\t\t\t\t<span class=\"liquid-filter-items-label\">Categories<\/span>\r\n\t\t\t\t\r\n\t\t\t\t<ul class=\"filter-list filter-list-inline       d-flex align-items-center hidden-xs hidden-sm\" id=\"blog-filter-74720400\">\r\n\t\t\t\t\t<li class=\"active\" data-filter=\"*\"><span>All<\/span><\/li>\r\n\t\t\t\t\t<li data-filter=\".bursa-de-cercetare-2025\"><span>Bursa de cercetare 2025<\/span><\/li><li data-filter=\".rezidenta-literara-2023\"><span>Reziden\u021ba Literar\u0103 2023<\/span><\/li><li data-filter=\".rezidenta-literara-2024\"><span>Reziden\u021ba literar\u0103 2024<\/span><\/li><li data-filter=\".rezidenta-literara-2025\"><span>Reziden\u021ba literar\u0103 2025<\/span><\/li>\t\t\t\t<\/ul>\r\n\r\n\t\t\t\t<div class=\"lqd-filter-dropdown visible-xs visible-sm\" data-form-options='{ \"dropdownAppendTo\": \"self\" }'>\r\n\t\t\t\t\t<select name=\"lqd-filter-dropdown-blog-filter-74720400\" id=\"lqd-filter-dropdown-blog-filter-74720400\">\r\n\t\t\t\t\t\t<option selected data-filter=\"*\" value=\"*\">All<\/option>\r\n\t\t\t\t\t\t<option data-filter=\".bursa-de-cercetare-2025\" value=\".bursa-de-cercetare-2025\">Bursa de cercetare 2025<\/option><option data-filter=\".rezidenta-literara-2023\" value=\".rezidenta-literara-2023\">Reziden\u021ba Literar\u0103 2023<\/option><option data-filter=\".rezidenta-literara-2024\" value=\".rezidenta-literara-2024\">Reziden\u021ba literar\u0103 2024<\/option><option data-filter=\".rezidenta-literara-2025\" value=\".rezidenta-literara-2025\">Reziden\u021ba literar\u0103 2025<\/option>\t\t\t\t\t<\/select>\r\n\t\t\t\t<\/div>\r\n\t\t\t\t\t\r\n\t\t\t\t\t\t\t\t\t\r\n\t\t\t\t\t\r\n\t\t\t<\/div>\r\n\t\t<\/div>\r\n\t<\/div>\r\n<\/div><div class=\"lqd-lp-row row pos-rel d-flex flex-wrap\"  data-liquid-masonry=\"true\" data-masonry-options=\"{&quot;filtersID&quot;:&quot;#blog-filter-74720400&quot;,&quot;itemSelector&quot;:&quot;.lqd-lp-column&quot;,&quot;layoutMode&quot;:&quot;packery&quot;}\"><div class=\"lqd-lp-column d-flex flex-column col-md-4 col-sm-6 2025 cronica-taifas-2025 rezidenta-literara-2025\"><article id=\"post-9169\" class=\"lqd-lp pos-rel lqd-lp lqd-lp-style-17 lqd-lp-img-cover d-flex flex-wrap border-radius-4 overflow-hidden h-custom text-start post-9169 post type-post status-publish format-standard has-post-thumbnail hentry category-61 category-cronica-taifas-2025 category-rezidenta-literara-2025\">\n\n<div class=\"lqd-lp-img lqd-overlay\">\n\t<figure class=\"pos-rel bg-cover bg-center w-100 h-100\"><img fetchpriority=\"high\" decoding=\"async\" width=\"800\" height=\"1050\" src=\"https:\/\/taifasfestival.ro\/wp-content\/uploads\/2025\/12\/568162423_671657232684193_7032860112007964682_n-800x1050.jpg\" class=\"w-100 h-100 objfit-cover objfit-center wp-post-image\" alt=\"\" itemprop=\"image\" \/><\/figure><\/div>\n\n<div class=\"lqd-lp-inner lqd-overlay d-flex flex-column justify-content-end pt-6 pb-6 ps-4 pe-4 px-4\">\n\t\n\t<div class=\"lqd-lp-content-bg lqd-overlay\"><\/div>\n\n\t<header class=\"lqd-lp-header mb-2\">\n\t\t<div class=\"lqd-lp-meta\">\n\t\t\t<span class=\"screen-reader-text\">Tags <\/span><ul class=\"lqd-lp-cat lqd-lp-cat reset-ul inline-ul pos-rel z-index-3\"><li><a href=\"https:\/\/taifasfestival.ro\/en\/categorie\/2025\/\" rel=\"category\" style=\"--color-primary:#ffffff\">2025<\/a><\/li><\/ul>\t\t<\/div>\n\t\t<div class=\"lqd-lp-header-bottom pos-rel\">\n\t\t\t<h2 class=\"entry-title lqd-lp-title mt-2 mb-0 h5\"><a  href=\"https:\/\/taifasfestival.ro\/en\/cronica-taifas-2025-ruxandra-paduraru\/\" rel=\"bookmark\">CRONIC\u0102 TAIFAS 2025 &#8211; Ruxandra P\u0103duraru<\/a><\/h2>\t\t<\/div>\n\t<\/header>\n\n\t<\/div>\n\n<a  href=\"https:\/\/taifasfestival.ro\/en\/cronica-taifas-2025-ruxandra-paduraru\/\" class=\"lqd-lp-overlay-link lqd-overlay lqd-cc-label-trigger z-index-2\" tab-index=\"-1\"><\/a><\/article><\/div><div class=\"lqd-lp-column d-flex flex-column col-md-4 col-sm-6 bursa-de-cercetare-2025\"><article id=\"post-9166\" class=\"lqd-lp pos-rel lqd-lp lqd-lp-style-17 lqd-lp-img-cover d-flex flex-wrap border-radius-4 overflow-hidden h-custom text-start post-9166 post type-post status-publish format-standard has-post-thumbnail hentry category-bursa-de-cercetare-2025\">\n\n<div class=\"lqd-lp-img lqd-overlay\">\n\t<figure class=\"pos-rel bg-cover bg-center w-100 h-100\"><img decoding=\"async\" width=\"800\" height=\"1050\" src=\"https:\/\/taifasfestival.ro\/wp-content\/uploads\/2025\/12\/Untitled-design-28-800x1050.jpg\" class=\"w-100 h-100 objfit-cover objfit-center wp-post-image\" alt=\"\" itemprop=\"image\" \/><\/figure><\/div>\n\n<div class=\"lqd-lp-inner lqd-overlay d-flex flex-column justify-content-end pt-6 pb-6 ps-4 pe-4 px-4\">\n\t\n\t<div class=\"lqd-lp-content-bg lqd-overlay\"><\/div>\n\n\t<header class=\"lqd-lp-header mb-2\">\n\t\t<div class=\"lqd-lp-meta\">\n\t\t\t<span class=\"screen-reader-text\">Tags <\/span><ul class=\"lqd-lp-cat lqd-lp-cat reset-ul inline-ul pos-rel z-index-3\"><li><a href=\"https:\/\/taifasfestival.ro\/en\/categorie\/2025\/bursa-de-cercetare-2025\/\" rel=\"category\">Bursa de cercetare 2025<\/a><\/li><\/ul>\t\t<\/div>\n\t\t<div class=\"lqd-lp-header-bottom pos-rel\">\n\t\t\t<h2 class=\"entry-title lqd-lp-title mt-2 mb-0 h5\"><a  href=\"https:\/\/taifasfestival.ro\/en\/nela-gluhak-bury-your-gays-in-balkan-cinema\/\" rel=\"bookmark\">Bury Your Gays in Balkan Cinema: LGBTQ+ Representation from the 1990s to Present &#8211; Nela Gluhak<\/a><\/h2>\t\t<\/div>\n\t<\/header>\n\n\t<\/div>\n\n<a  href=\"https:\/\/taifasfestival.ro\/en\/nela-gluhak-bury-your-gays-in-balkan-cinema\/\" class=\"lqd-lp-overlay-link lqd-overlay lqd-cc-label-trigger z-index-2\" tab-index=\"-1\"><\/a><\/article><\/div><div class=\"lqd-lp-column d-flex flex-column col-md-4 col-sm-6 bursa-de-cercetare-2025\"><article id=\"post-9163\" class=\"lqd-lp pos-rel lqd-lp lqd-lp-style-17 lqd-lp-img-cover d-flex flex-wrap border-radius-4 overflow-hidden h-custom text-start post-9163 post type-post status-publish format-standard has-post-thumbnail hentry category-bursa-de-cercetare-2025\">\n\n<div class=\"lqd-lp-img lqd-overlay\">\n\t<figure class=\"pos-rel bg-cover bg-center w-100 h-100\"><img decoding=\"async\" width=\"800\" height=\"1050\" src=\"data:image\/svg+xml;charset=utf-8,%3Csvg xmlns%3D&#039;http%3A%2F%2Fwww.w3.org%2F2000%2Fsvg&#039; viewBox%3D&#039;0 0 800 1050&#039;%2F%3E\" class=\"w-100 h-100 objfit-cover objfit-center ld-lazyload wp-post-image\" alt=\"\" itemprop=\"image\" data-src=\"https:\/\/taifasfestival.ro\/wp-content\/uploads\/2025\/12\/Untitled-design-27-800x1050.jpg\" data-aspect=\"0.76190476190476\" \/><\/figure><\/div>\n\n<div class=\"lqd-lp-inner lqd-overlay d-flex flex-column justify-content-end pt-6 pb-6 ps-4 pe-4 px-4\">\n\t\n\t<div class=\"lqd-lp-content-bg lqd-overlay\"><\/div>\n\n\t<header class=\"lqd-lp-header mb-2\">\n\t\t<div class=\"lqd-lp-meta\">\n\t\t\t<span class=\"screen-reader-text\">Tags <\/span><ul class=\"lqd-lp-cat lqd-lp-cat reset-ul inline-ul pos-rel z-index-3\"><li><a href=\"https:\/\/taifasfestival.ro\/en\/categorie\/2025\/bursa-de-cercetare-2025\/\" rel=\"category\">Bursa de cercetare 2025<\/a><\/li><\/ul>\t\t<\/div>\n\t\t<div class=\"lqd-lp-header-bottom pos-rel\">\n\t\t\t<h2 class=\"entry-title lqd-lp-title mt-2 mb-0 h5\"><a  href=\"https:\/\/taifasfestival.ro\/en\/tibor-durdev-silence-after-the-revolution\/\" rel=\"bookmark\">Silence After the Revolution. Yugoslavian and Romanian Cinema as Archives of Transitional Everyday Life &#8211; Tibor \u0110ur\u0111ev<\/a><\/h2>\t\t<\/div>\n\t<\/header>\n\n\t<\/div>\n\n<a  href=\"https:\/\/taifasfestival.ro\/en\/tibor-durdev-silence-after-the-revolution\/\" class=\"lqd-lp-overlay-link lqd-overlay lqd-cc-label-trigger z-index-2\" tab-index=\"-1\"><\/a><\/article><\/div><div class=\"lqd-lp-column d-flex flex-column col-md-4 col-sm-6 bursa-de-cercetare-2025\"><article id=\"post-9157\" class=\"lqd-lp pos-rel lqd-lp lqd-lp-style-17 lqd-lp-img-cover d-flex flex-wrap border-radius-4 overflow-hidden h-custom text-start post-9157 post type-post status-publish format-standard has-post-thumbnail hentry category-bursa-de-cercetare-2025\">\n\n<div class=\"lqd-lp-img lqd-overlay\">\n\t<figure class=\"pos-rel bg-cover bg-center w-100 h-100\"><img loading=\"lazy\" decoding=\"async\" width=\"800\" height=\"1050\" src=\"data:image\/svg+xml;charset=utf-8,%3Csvg xmlns%3D&#039;http%3A%2F%2Fwww.w3.org%2F2000%2Fsvg&#039; viewBox%3D&#039;0 0 800 1050&#039;%2F%3E\" class=\"w-100 h-100 objfit-cover objfit-center ld-lazyload wp-post-image\" alt=\"\" itemprop=\"image\" data-src=\"https:\/\/taifasfestival.ro\/wp-content\/uploads\/2025\/12\/Untitled-design-26-800x1050.jpg\" data-aspect=\"0.76190476190476\" \/><\/figure><\/div>\n\n<div class=\"lqd-lp-inner lqd-overlay d-flex flex-column justify-content-end pt-6 pb-6 ps-4 pe-4 px-4\">\n\t\n\t<div class=\"lqd-lp-content-bg lqd-overlay\"><\/div>\n\n\t<header class=\"lqd-lp-header mb-2\">\n\t\t<div class=\"lqd-lp-meta\">\n\t\t\t<span class=\"screen-reader-text\">Tags <\/span><ul class=\"lqd-lp-cat lqd-lp-cat reset-ul inline-ul pos-rel z-index-3\"><li><a href=\"https:\/\/taifasfestival.ro\/en\/categorie\/2025\/bursa-de-cercetare-2025\/\" rel=\"category\">Bursa de cercetare 2025<\/a><\/li><\/ul>\t\t<\/div>\n\t\t<div class=\"lqd-lp-header-bottom pos-rel\">\n\t\t\t<h2 class=\"entry-title lqd-lp-title mt-2 mb-0 h5\"><a  href=\"https:\/\/taifasfestival.ro\/en\/konstanty-kuzma-the-collective-as-an-other\/\" rel=\"bookmark\">The Collective as an Other: Morality Tales about the Romanian Revolution of 1989 &#8211; Konstanty Kuzma<\/a><\/h2>\t\t<\/div>\n\t<\/header>\n\n\t<\/div>\n\n<a  href=\"https:\/\/taifasfestival.ro\/en\/konstanty-kuzma-the-collective-as-an-other\/\" class=\"lqd-lp-overlay-link lqd-overlay lqd-cc-label-trigger z-index-2\" tab-index=\"-1\"><\/a><\/article><\/div><div class=\"lqd-lp-column d-flex flex-column col-md-4 col-sm-6 2025 eseu-2025 rezidenta-literara-2025\"><article id=\"post-9144\" class=\"lqd-lp pos-rel lqd-lp lqd-lp-style-17 lqd-lp-img-cover d-flex flex-wrap border-radius-4 overflow-hidden h-custom text-start post-9144 post type-post status-publish format-standard has-post-thumbnail hentry category-61 category-eseu-2025 category-rezidenta-literara-2025\">\n\n<div class=\"lqd-lp-img lqd-overlay\">\n\t<figure class=\"pos-rel bg-cover bg-center w-100 h-100\"><img loading=\"lazy\" decoding=\"async\" width=\"800\" height=\"1050\" src=\"data:image\/svg+xml;charset=utf-8,%3Csvg xmlns%3D&#039;http%3A%2F%2Fwww.w3.org%2F2000%2Fsvg&#039; viewBox%3D&#039;0 0 800 1050&#039;%2F%3E\" class=\"w-100 h-100 objfit-cover objfit-center ld-lazyload wp-post-image\" alt=\"\" itemprop=\"image\" data-src=\"https:\/\/taifasfestival.ro\/wp-content\/uploads\/2025\/12\/AMU_9057-800x1050.jpg\" data-aspect=\"0.76190476190476\" \/><\/figure><\/div>\n\n<div class=\"lqd-lp-inner lqd-overlay d-flex flex-column justify-content-end pt-6 pb-6 ps-4 pe-4 px-4\">\n\t\n\t<div class=\"lqd-lp-content-bg lqd-overlay\"><\/div>\n\n\t<header class=\"lqd-lp-header mb-2\">\n\t\t<div class=\"lqd-lp-meta\">\n\t\t\t<span class=\"screen-reader-text\">Tags <\/span><ul class=\"lqd-lp-cat lqd-lp-cat reset-ul inline-ul pos-rel z-index-3\"><li><a href=\"https:\/\/taifasfestival.ro\/en\/categorie\/2025\/\" rel=\"category\" style=\"--color-primary:#ffffff\">2025<\/a><\/li><\/ul>\t\t<\/div>\n\t\t<div class=\"lqd-lp-header-bottom pos-rel\">\n\t\t\t<h2 class=\"entry-title lqd-lp-title mt-2 mb-0 h5\"><a  href=\"https:\/\/taifasfestival.ro\/en\/linii-imaginare-pe-icoane-marius-chivu\/\" rel=\"bookmark\">Linii imaginare pe icoane &#8211; Marius Chivu<\/a><\/h2>\t\t<\/div>\n\t<\/header>\n\n\t<\/div>\n\n<a  href=\"https:\/\/taifasfestival.ro\/en\/linii-imaginare-pe-icoane-marius-chivu\/\" class=\"lqd-lp-overlay-link lqd-overlay lqd-cc-label-trigger z-index-2\" tab-index=\"-1\"><\/a><\/article><\/div><div class=\"lqd-lp-column d-flex flex-column col-md-4 col-sm-6 2025 eseu-2025 rezidenta-literara-2025\"><article id=\"post-9141\" class=\"lqd-lp pos-rel lqd-lp lqd-lp-style-17 lqd-lp-img-cover d-flex flex-wrap border-radius-4 overflow-hidden h-custom text-start post-9141 post type-post status-publish format-standard has-post-thumbnail hentry category-61 category-eseu-2025 category-rezidenta-literara-2025\">\n\n<div class=\"lqd-lp-img lqd-overlay\">\n\t<figure class=\"pos-rel bg-cover bg-center w-100 h-100\"><img loading=\"lazy\" decoding=\"async\" width=\"800\" height=\"1050\" src=\"data:image\/svg+xml;charset=utf-8,%3Csvg xmlns%3D&#039;http%3A%2F%2Fwww.w3.org%2F2000%2Fsvg&#039; viewBox%3D&#039;0 0 800 1050&#039;%2F%3E\" class=\"w-100 h-100 objfit-cover objfit-center ld-lazyload wp-post-image\" alt=\"\" itemprop=\"image\" data-src=\"https:\/\/taifasfestival.ro\/wp-content\/uploads\/2025\/12\/568493309_674852419031341_8894595224939592031_n-800x1050.jpg\" data-aspect=\"0.76190476190476\" \/><\/figure><\/div>\n\n<div class=\"lqd-lp-inner lqd-overlay d-flex flex-column justify-content-end pt-6 pb-6 ps-4 pe-4 px-4\">\n\t\n\t<div class=\"lqd-lp-content-bg lqd-overlay\"><\/div>\n\n\t<header class=\"lqd-lp-header mb-2\">\n\t\t<div class=\"lqd-lp-meta\">\n\t\t\t<span class=\"screen-reader-text\">Tags <\/span><ul class=\"lqd-lp-cat lqd-lp-cat reset-ul inline-ul pos-rel z-index-3\"><li><a href=\"https:\/\/taifasfestival.ro\/en\/categorie\/2025\/\" rel=\"category\" style=\"--color-primary:#ffffff\">2025<\/a><\/li><\/ul>\t\t<\/div>\n\t\t<div class=\"lqd-lp-header-bottom pos-rel\">\n\t\t\t<h2 class=\"entry-title lqd-lp-title mt-2 mb-0 h5\"><a  href=\"https:\/\/taifasfestival.ro\/en\/captive-in-vinovatie-elena-vladareanu\/\" rel=\"bookmark\">Captive \u00een vinov\u0103\u021bie &#8211; Elena Vl\u0103d\u0103reanu<\/a><\/h2>\t\t<\/div>\n\t<\/header>\n\n\t<\/div>\n\n<a  href=\"https:\/\/taifasfestival.ro\/en\/captive-in-vinovatie-elena-vladareanu\/\" class=\"lqd-lp-overlay-link lqd-overlay lqd-cc-label-trigger z-index-2\" tab-index=\"-1\"><\/a><\/article><\/div><div class=\"lqd-lp-column d-flex flex-column col-md-4 col-sm-6 2025 eseu-2025 rezidenta-literara-2025\"><article id=\"post-9137\" class=\"lqd-lp pos-rel lqd-lp lqd-lp-style-17 lqd-lp-img-cover d-flex flex-wrap border-radius-4 overflow-hidden h-custom text-start post-9137 post type-post status-publish format-standard has-post-thumbnail hentry category-61 category-eseu-2025 category-rezidenta-literara-2025\">\n\n<div class=\"lqd-lp-img lqd-overlay\">\n\t<figure class=\"pos-rel bg-cover bg-center w-100 h-100\"><img loading=\"lazy\" decoding=\"async\" width=\"800\" height=\"1050\" src=\"data:image\/svg+xml;charset=utf-8,%3Csvg xmlns%3D&#039;http%3A%2F%2Fwww.w3.org%2F2000%2Fsvg&#039; viewBox%3D&#039;0 0 800 1050&#039;%2F%3E\" class=\"w-100 h-100 objfit-cover objfit-center ld-lazyload wp-post-image\" alt=\"\" itemprop=\"image\" data-src=\"https:\/\/taifasfestival.ro\/wp-content\/uploads\/2025\/12\/568638044_674852415698008_6830611100915830991_n-800x1050.jpg\" data-aspect=\"0.76190476190476\" \/><\/figure><\/div>\n\n<div class=\"lqd-lp-inner lqd-overlay d-flex flex-column justify-content-end pt-6 pb-6 ps-4 pe-4 px-4\">\n\t\n\t<div class=\"lqd-lp-content-bg lqd-overlay\"><\/div>\n\n\t<header class=\"lqd-lp-header mb-2\">\n\t\t<div class=\"lqd-lp-meta\">\n\t\t\t<span class=\"screen-reader-text\">Tags <\/span><ul class=\"lqd-lp-cat lqd-lp-cat reset-ul inline-ul pos-rel z-index-3\"><li><a href=\"https:\/\/taifasfestival.ro\/en\/categorie\/2025\/\" rel=\"category\" style=\"--color-primary:#ffffff\">2025<\/a><\/li><\/ul>\t\t<\/div>\n\t\t<div class=\"lqd-lp-header-bottom pos-rel\">\n\t\t\t<h2 class=\"entry-title lqd-lp-title mt-2 mb-0 h5\"><a  href=\"https:\/\/taifasfestival.ro\/en\/balcanii-dintre-noi-ruxandra-paduraru\/\" rel=\"bookmark\">Balcanii din(tre) noi &#8211; Ruxandra P\u0103duraru<\/a><\/h2>\t\t<\/div>\n\t<\/header>\n\n\t<\/div>\n\n<a  href=\"https:\/\/taifasfestival.ro\/en\/balcanii-dintre-noi-ruxandra-paduraru\/\" class=\"lqd-lp-overlay-link lqd-overlay lqd-cc-label-trigger z-index-2\" tab-index=\"-1\"><\/a><\/article><\/div><div class=\"lqd-lp-column d-flex flex-column col-md-4 col-sm-6 cronica-taifas-2024 eseu-2024 rezidenta-literara-2024\"><article id=\"post-8331\" class=\"lqd-lp pos-rel lqd-lp lqd-lp-style-17 lqd-lp-img-cover d-flex flex-wrap border-radius-4 overflow-hidden h-custom text-start post-8331 post type-post status-publish format-standard has-post-thumbnail hentry category-cronica-taifas-2024 category-eseu-2024 category-rezidenta-literara-2024\">\n\n<div class=\"lqd-lp-img lqd-overlay\">\n\t<figure class=\"pos-rel bg-cover bg-center w-100 h-100\"><img loading=\"lazy\" decoding=\"async\" width=\"800\" height=\"1050\" src=\"data:image\/svg+xml;charset=utf-8,%3Csvg xmlns%3D&#039;http%3A%2F%2Fwww.w3.org%2F2000%2Fsvg&#039; viewBox%3D&#039;0 0 800 1050&#039;%2F%3E\" class=\"w-100 h-100 objfit-cover objfit-center ld-lazyload wp-post-image\" alt=\"\" itemprop=\"image\" data-src=\"https:\/\/taifasfestival.ro\/wp-content\/uploads\/2024\/10\/F95A8678-min-800x1050.jpg\" data-aspect=\"0.76190476190476\" \/><\/figure><\/div>\n\n<div class=\"lqd-lp-inner lqd-overlay d-flex flex-column justify-content-end pt-6 pb-6 ps-4 pe-4 px-4\">\n\t\n\t<div class=\"lqd-lp-content-bg lqd-overlay\"><\/div>\n\n\t<header class=\"lqd-lp-header mb-2\">\n\t\t<div class=\"lqd-lp-meta\">\n\t\t\t<span class=\"screen-reader-text\">Tags <\/span><ul class=\"lqd-lp-cat lqd-lp-cat reset-ul inline-ul pos-rel z-index-3\"><li><a href=\"https:\/\/taifasfestival.ro\/en\/categorie\/2024\/rezidenta-literara-2024\/cronica-taifas-2024\/\" rel=\"category\">Cronic\u0103 Taifas 2024<\/a><\/li><\/ul>\t\t<\/div>\n\t\t<div class=\"lqd-lp-header-bottom pos-rel\">\n\t\t\t<h2 class=\"entry-title lqd-lp-title mt-2 mb-0 h5\"><a  href=\"https:\/\/taifasfestival.ro\/en\/kyuka-pesti-si-oameni-alex-higyed\/\" rel=\"bookmark\">Kyuka \u2013 Pe\u0219ti \u0219i oameni &#8211; Alex Higyed<\/a><\/h2>\t\t<\/div>\n\t<\/header>\n\n\t<\/div>\n\n<a  href=\"https:\/\/taifasfestival.ro\/en\/kyuka-pesti-si-oameni-alex-higyed\/\" class=\"lqd-lp-overlay-link lqd-overlay lqd-cc-label-trigger z-index-2\" tab-index=\"-1\"><\/a><\/article><\/div><div class=\"lqd-lp-column d-flex flex-column col-md-4 col-sm-6 eseu-2024 rezidenta-literara-2024\"><article id=\"post-8334\" class=\"lqd-lp pos-rel lqd-lp lqd-lp-style-17 lqd-lp-img-cover d-flex flex-wrap border-radius-4 overflow-hidden h-custom text-start post-8334 post type-post status-publish format-standard has-post-thumbnail hentry category-eseu-2024 category-rezidenta-literara-2024\">\n\n<div class=\"lqd-lp-img lqd-overlay\">\n\t<figure class=\"pos-rel bg-cover bg-center w-100 h-100\"><img loading=\"lazy\" decoding=\"async\" width=\"800\" height=\"1050\" src=\"data:image\/svg+xml;charset=utf-8,%3Csvg xmlns%3D&#039;http%3A%2F%2Fwww.w3.org%2F2000%2Fsvg&#039; viewBox%3D&#039;0 0 800 1050&#039;%2F%3E\" class=\"w-100 h-100 objfit-cover objfit-center ld-lazyload wp-post-image\" alt=\"\" itemprop=\"image\" data-src=\"https:\/\/taifasfestival.ro\/wp-content\/uploads\/2024\/10\/F95A3430-min-800x1050.jpg\" data-aspect=\"0.76190476190476\" \/><\/figure><\/div>\n\n<div class=\"lqd-lp-inner lqd-overlay d-flex flex-column justify-content-end pt-6 pb-6 ps-4 pe-4 px-4\">\n\t\n\t<div class=\"lqd-lp-content-bg lqd-overlay\"><\/div>\n\n\t<header class=\"lqd-lp-header mb-2\">\n\t\t<div class=\"lqd-lp-meta\">\n\t\t\t<span class=\"screen-reader-text\">Tags <\/span><ul class=\"lqd-lp-cat lqd-lp-cat reset-ul inline-ul pos-rel z-index-3\"><li><a href=\"https:\/\/taifasfestival.ro\/en\/categorie\/2024\/rezidenta-literara-2024\/eseu-2024\/\" rel=\"category\">Eseu 2024<\/a><\/li><\/ul>\t\t<\/div>\n\t\t<div class=\"lqd-lp-header-bottom pos-rel\">\n\t\t\t<h2 class=\"entry-title lqd-lp-title mt-2 mb-0 h5\"><a  href=\"https:\/\/taifasfestival.ro\/en\/locuri-in-care-sa-ne-incalzim-alex-higyed\/\" rel=\"bookmark\">Locuri \u00een care s\u0103 ne \u00eenc\u0103lzim &#8211; Alex Higyed<\/a><\/h2>\t\t<\/div>\n\t<\/header>\n\n\t<\/div>\n\n<a  href=\"https:\/\/taifasfestival.ro\/en\/locuri-in-care-sa-ne-incalzim-alex-higyed\/\" class=\"lqd-lp-overlay-link lqd-overlay lqd-cc-label-trigger z-index-2\" tab-index=\"-1\"><\/a><\/article><\/div><div class=\"lqd-lp-column d-flex flex-column col-md-4 col-sm-6 2024 eseu-2024 rezidenta-literara-2024\"><article id=\"post-8328\" class=\"lqd-lp pos-rel lqd-lp lqd-lp-style-17 lqd-lp-img-cover d-flex flex-wrap border-radius-4 overflow-hidden h-custom text-start post-8328 post type-post status-publish format-standard has-post-thumbnail hentry category-49 category-eseu-2024 category-rezidenta-literara-2024\">\n\n<div class=\"lqd-lp-img lqd-overlay\">\n\t<figure class=\"pos-rel bg-cover bg-center w-100 h-100\"><img loading=\"lazy\" decoding=\"async\" width=\"800\" height=\"1050\" src=\"data:image\/svg+xml;charset=utf-8,%3Csvg xmlns%3D&#039;http%3A%2F%2Fwww.w3.org%2F2000%2Fsvg&#039; viewBox%3D&#039;0 0 800 1050&#039;%2F%3E\" class=\"w-100 h-100 objfit-cover objfit-center ld-lazyload wp-post-image\" alt=\"\" itemprop=\"image\" data-src=\"https:\/\/taifasfestival.ro\/wp-content\/uploads\/2024\/10\/F95A3320-min-800x1050.jpg\" data-aspect=\"0.76190476190476\" \/><\/figure><\/div>\n\n<div class=\"lqd-lp-inner lqd-overlay d-flex flex-column justify-content-end pt-6 pb-6 ps-4 pe-4 px-4\">\n\t\n\t<div class=\"lqd-lp-content-bg lqd-overlay\"><\/div>\n\n\t<header class=\"lqd-lp-header mb-2\">\n\t\t<div class=\"lqd-lp-meta\">\n\t\t\t<span class=\"screen-reader-text\">Tags <\/span><ul class=\"lqd-lp-cat lqd-lp-cat reset-ul inline-ul pos-rel z-index-3\"><li><a href=\"https:\/\/taifasfestival.ro\/en\/categorie\/2024\/\" rel=\"category\" style=\"--color-primary:#ffffff\">2024<\/a><\/li><\/ul>\t\t<\/div>\n\t\t<div class=\"lqd-lp-header-bottom pos-rel\">\n\t\t\t<h2 class=\"entry-title lqd-lp-title mt-2 mb-0 h5\"><a  href=\"https:\/\/taifasfestival.ro\/en\/balcanii-de-sub-frunte-bogdan-ghiu\/\" rel=\"bookmark\">Balcanii de sub frunte &#8211; Bogdan Ghiu<\/a><\/h2>\t\t<\/div>\n\t<\/header>\n\n\t<\/div>\n\n<a  href=\"https:\/\/taifasfestival.ro\/en\/balcanii-de-sub-frunte-bogdan-ghiu\/\" class=\"lqd-lp-overlay-link lqd-overlay lqd-cc-label-trigger z-index-2\" tab-index=\"-1\"><\/a><\/article><\/div><div class=\"lqd-lp-column d-flex flex-column col-md-4 col-sm-6 2024 cronica-taifas-2024 rezidenta-literara-2024\"><article id=\"post-8325\" class=\"lqd-lp pos-rel lqd-lp lqd-lp-style-17 lqd-lp-img-cover d-flex flex-wrap border-radius-4 overflow-hidden h-custom text-start post-8325 post type-post status-publish format-standard has-post-thumbnail hentry category-49 category-cronica-taifas-2024 category-rezidenta-literara-2024\">\n\n<div class=\"lqd-lp-img lqd-overlay\">\n\t<figure class=\"pos-rel bg-cover bg-center w-100 h-100\"><img loading=\"lazy\" decoding=\"async\" width=\"800\" height=\"1050\" src=\"data:image\/svg+xml;charset=utf-8,%3Csvg xmlns%3D&#039;http%3A%2F%2Fwww.w3.org%2F2000%2Fsvg&#039; viewBox%3D&#039;0 0 800 1050&#039;%2F%3E\" class=\"w-100 h-100 objfit-cover objfit-center ld-lazyload wp-post-image\" alt=\"\" itemprop=\"image\" data-src=\"https:\/\/taifasfestival.ro\/wp-content\/uploads\/2024\/10\/F95A8681-min-800x1050.jpg\" data-aspect=\"0.76190476190476\" \/><\/figure><\/div>\n\n<div class=\"lqd-lp-inner lqd-overlay d-flex flex-column justify-content-end pt-6 pb-6 ps-4 pe-4 px-4\">\n\t\n\t<div class=\"lqd-lp-content-bg lqd-overlay\"><\/div>\n\n\t<header class=\"lqd-lp-header mb-2\">\n\t\t<div class=\"lqd-lp-meta\">\n\t\t\t<span class=\"screen-reader-text\">Tags <\/span><ul class=\"lqd-lp-cat lqd-lp-cat reset-ul inline-ul pos-rel z-index-3\"><li><a href=\"https:\/\/taifasfestival.ro\/en\/categorie\/2024\/\" rel=\"category\" style=\"--color-primary:#ffffff\">2024<\/a><\/li><\/ul>\t\t<\/div>\n\t\t<div class=\"lqd-lp-header-bottom pos-rel\">\n\t\t\t<h2 class=\"entry-title lqd-lp-title mt-2 mb-0 h5\"><a  href=\"https:\/\/taifasfestival.ro\/en\/la-cumpana-imaginilor-cumpanirea-istoriei-bogdan-ghiu\/\" rel=\"bookmark\">La cump\u0103na imaginilor, cump\u0103nirea istoriei &#8211; Bogdan Ghiu<\/a><\/h2>\t\t<\/div>\n\t<\/header>\n\n\t<\/div>\n\n<a  href=\"https:\/\/taifasfestival.ro\/en\/la-cumpana-imaginilor-cumpanirea-istoriei-bogdan-ghiu\/\" class=\"lqd-lp-overlay-link lqd-overlay lqd-cc-label-trigger z-index-2\" tab-index=\"-1\"><\/a><\/article><\/div><div class=\"lqd-lp-column d-flex flex-column col-md-4 col-sm-6 2024 eseu-2024 rezidenta-literara-2024\"><article id=\"post-8322\" class=\"lqd-lp pos-rel lqd-lp lqd-lp-style-17 lqd-lp-img-cover d-flex flex-wrap border-radius-4 overflow-hidden h-custom text-start post-8322 post type-post status-publish format-standard has-post-thumbnail hentry category-49 category-eseu-2024 category-rezidenta-literara-2024\">\n\n<div class=\"lqd-lp-img lqd-overlay\">\n\t<figure class=\"pos-rel bg-cover bg-center w-100 h-100\"><img loading=\"lazy\" decoding=\"async\" width=\"800\" height=\"1050\" src=\"data:image\/svg+xml;charset=utf-8,%3Csvg xmlns%3D&#039;http%3A%2F%2Fwww.w3.org%2F2000%2Fsvg&#039; viewBox%3D&#039;0 0 800 1050&#039;%2F%3E\" class=\"w-100 h-100 objfit-cover objfit-center ld-lazyload wp-post-image\" alt=\"\" itemprop=\"image\" data-src=\"https:\/\/taifasfestival.ro\/wp-content\/uploads\/2024\/10\/Untitled-design-4-800x1050.jpg\" data-aspect=\"0.76190476190476\" \/><\/figure><\/div>\n\n<div class=\"lqd-lp-inner lqd-overlay d-flex flex-column justify-content-end pt-6 pb-6 ps-4 pe-4 px-4\">\n\t\n\t<div class=\"lqd-lp-content-bg lqd-overlay\"><\/div>\n\n\t<header class=\"lqd-lp-header mb-2\">\n\t\t<div class=\"lqd-lp-meta\">\n\t\t\t<span class=\"screen-reader-text\">Tags <\/span><ul class=\"lqd-lp-cat lqd-lp-cat reset-ul inline-ul pos-rel z-index-3\"><li><a href=\"https:\/\/taifasfestival.ro\/en\/categorie\/2024\/\" rel=\"category\" style=\"--color-primary:#ffffff\">2024<\/a><\/li><\/ul>\t\t<\/div>\n\t\t<div class=\"lqd-lp-header-bottom pos-rel\">\n\t\t\t<h2 class=\"entry-title lqd-lp-title mt-2 mb-0 h5\"><a  href=\"https:\/\/taifasfestival.ro\/en\/timisoara-zenit-si-nadir-balcanic-goran-mrakic\/\" rel=\"bookmark\">TIMI\u0218OARA \u2013 ZENIT \u0218I NADIR BALCANIC &#8211; Goran Mraki\u0107<\/a><\/h2>\t\t<\/div>\n\t<\/header>\n\n\t<\/div>\n\n<a  href=\"https:\/\/taifasfestival.ro\/en\/timisoara-zenit-si-nadir-balcanic-goran-mrakic\/\" class=\"lqd-lp-overlay-link lqd-overlay lqd-cc-label-trigger z-index-2\" tab-index=\"-1\"><\/a><\/article><\/div><div class=\"lqd-lp-column d-flex flex-column col-md-4 col-sm-6 2024 cronica-taifas-2024 rezidenta-literara-2024\"><article id=\"post-8319\" class=\"lqd-lp pos-rel lqd-lp lqd-lp-style-17 lqd-lp-img-cover d-flex flex-wrap border-radius-4 overflow-hidden h-custom text-start post-8319 post type-post status-publish format-standard has-post-thumbnail hentry category-49 category-cronica-taifas-2024 category-rezidenta-literara-2024\">\n\n<div class=\"lqd-lp-img lqd-overlay\">\n\t<figure class=\"pos-rel bg-cover bg-center w-100 h-100\"><img loading=\"lazy\" decoding=\"async\" width=\"800\" height=\"1050\" src=\"data:image\/svg+xml;charset=utf-8,%3Csvg xmlns%3D&#039;http%3A%2F%2Fwww.w3.org%2F2000%2Fsvg&#039; viewBox%3D&#039;0 0 800 1050&#039;%2F%3E\" class=\"w-100 h-100 objfit-cover objfit-center ld-lazyload wp-post-image\" alt=\"\" itemprop=\"image\" data-src=\"https:\/\/taifasfestival.ro\/wp-content\/uploads\/2024\/10\/Deschidere-Taifas-Cinema-Timis-ed-2-00014-1-800x1050.jpg\" data-aspect=\"0.76190476190476\" \/><\/figure><\/div>\n\n<div class=\"lqd-lp-inner lqd-overlay d-flex flex-column justify-content-end pt-6 pb-6 ps-4 pe-4 px-4\">\n\t\n\t<div class=\"lqd-lp-content-bg lqd-overlay\"><\/div>\n\n\t<header class=\"lqd-lp-header mb-2\">\n\t\t<div class=\"lqd-lp-meta\">\n\t\t\t<span class=\"screen-reader-text\">Tags <\/span><ul class=\"lqd-lp-cat lqd-lp-cat reset-ul inline-ul pos-rel z-index-3\"><li><a href=\"https:\/\/taifasfestival.ro\/en\/categorie\/2024\/\" rel=\"category\" style=\"--color-primary:#ffffff\">2024<\/a><\/li><\/ul>\t\t<\/div>\n\t\t<div class=\"lqd-lp-header-bottom pos-rel\">\n\t\t\t<h2 class=\"entry-title lqd-lp-title mt-2 mb-0 h5\"><a  href=\"https:\/\/taifasfestival.ro\/en\/rugaciunea-lupilor-goran-mrakic\/\" rel=\"bookmark\">RUG\u0102CIUNEA LUPILOR &#8211; Goran Mraki\u0107<\/a><\/h2>\t\t<\/div>\n\t<\/header>\n\n\t<\/div>\n\n<a  href=\"https:\/\/taifasfestival.ro\/en\/rugaciunea-lupilor-goran-mrakic\/\" class=\"lqd-lp-overlay-link lqd-overlay lqd-cc-label-trigger z-index-2\" tab-index=\"-1\"><\/a><\/article><\/div><div class=\"lqd-lp-column d-flex flex-column col-md-4 col-sm-6 2024 cronica-taifas-2024 rezidenta-literara-2024\"><article id=\"post-8294\" class=\"lqd-lp pos-rel lqd-lp lqd-lp-style-17 lqd-lp-img-cover d-flex flex-wrap border-radius-4 overflow-hidden h-custom text-start post-8294 post type-post status-publish format-standard has-post-thumbnail hentry category-49 category-cronica-taifas-2024 category-rezidenta-literara-2024 tag-ligia-kesisian\">\n\n<div class=\"lqd-lp-img lqd-overlay\">\n\t<figure class=\"pos-rel bg-cover bg-center w-100 h-100\"><img loading=\"lazy\" decoding=\"async\" width=\"800\" height=\"1050\" src=\"data:image\/svg+xml;charset=utf-8,%3Csvg xmlns%3D&#039;http%3A%2F%2Fwww.w3.org%2F2000%2Fsvg&#039; viewBox%3D&#039;0 0 800 1050&#039;%2F%3E\" class=\"w-100 h-100 objfit-cover objfit-center ld-lazyload wp-post-image\" alt=\"\" itemprop=\"image\" data-src=\"https:\/\/taifasfestival.ro\/wp-content\/uploads\/2024\/10\/Deschidere-Taifas-Cinema-Timis-ed-2-00116-800x1050.jpg\" data-aspect=\"0.76190476190476\" \/><\/figure><\/div>\n\n<div class=\"lqd-lp-inner lqd-overlay d-flex flex-column justify-content-end pt-6 pb-6 ps-4 pe-4 px-4\">\n\t\n\t<div class=\"lqd-lp-content-bg lqd-overlay\"><\/div>\n\n\t<header class=\"lqd-lp-header mb-2\">\n\t\t<div class=\"lqd-lp-meta\">\n\t\t\t<span class=\"screen-reader-text\">Tags <\/span><ul class=\"lqd-lp-cat lqd-lp-cat reset-ul inline-ul pos-rel z-index-3\"><li><a href=\"https:\/\/taifasfestival.ro\/en\/categorie\/2024\/\" rel=\"category\" style=\"--color-primary:#ffffff\">2024<\/a><\/li><\/ul>\t\t<\/div>\n\t\t<div class=\"lqd-lp-header-bottom pos-rel\">\n\t\t\t<h2 class=\"entry-title lqd-lp-title mt-2 mb-0 h5\"><a  href=\"https:\/\/taifasfestival.ro\/en\/balcanii-pe-marele-ecran-taifas-festival-un-melting-pot-de-urmarit-ligia-kesisian\/\" rel=\"bookmark\">Balcanii pe marele ecran &#8211; Taifas Festival, un melting pot de urm\u0103rit &#8211; Ligia Ke\u0219i\u0219ian<\/a><\/h2>\t\t<\/div>\n\t<\/header>\n\n\t<\/div>\n\n<a  href=\"https:\/\/taifasfestival.ro\/en\/balcanii-pe-marele-ecran-taifas-festival-un-melting-pot-de-urmarit-ligia-kesisian\/\" class=\"lqd-lp-overlay-link lqd-overlay lqd-cc-label-trigger z-index-2\" tab-index=\"-1\"><\/a><\/article><\/div><div class=\"lqd-lp-column d-flex flex-column col-md-4 col-sm-6 2024 eseu-2024 rezidenta-literara-2024\"><article id=\"post-8292\" class=\"lqd-lp pos-rel lqd-lp lqd-lp-style-17 lqd-lp-img-cover d-flex flex-wrap border-radius-4 overflow-hidden h-custom text-start post-8292 post type-post status-publish format-standard has-post-thumbnail hentry category-49 category-eseu-2024 category-rezidenta-literara-2024 tag-ligia-kesisian\">\n\n<div class=\"lqd-lp-img lqd-overlay\">\n\t<figure class=\"pos-rel bg-cover bg-center w-100 h-100\"><img loading=\"lazy\" decoding=\"async\" width=\"800\" height=\"1050\" src=\"data:image\/svg+xml;charset=utf-8,%3Csvg xmlns%3D&#039;http%3A%2F%2Fwww.w3.org%2F2000%2Fsvg&#039; viewBox%3D&#039;0 0 800 1050&#039;%2F%3E\" class=\"w-100 h-100 objfit-cover objfit-center ld-lazyload wp-post-image\" alt=\"\" itemprop=\"image\" data-src=\"https:\/\/taifasfestival.ro\/wp-content\/uploads\/2024\/10\/F95A3354-min-800x1050.jpg\" data-aspect=\"0.76190476190476\" \/><\/figure><\/div>\n\n<div class=\"lqd-lp-inner lqd-overlay d-flex flex-column justify-content-end pt-6 pb-6 ps-4 pe-4 px-4\">\n\t\n\t<div class=\"lqd-lp-content-bg lqd-overlay\"><\/div>\n\n\t<header class=\"lqd-lp-header mb-2\">\n\t\t<div class=\"lqd-lp-meta\">\n\t\t\t<span class=\"screen-reader-text\">Tags <\/span><ul class=\"lqd-lp-cat lqd-lp-cat reset-ul inline-ul pos-rel z-index-3\"><li><a href=\"https:\/\/taifasfestival.ro\/en\/categorie\/2024\/\" rel=\"category\" style=\"--color-primary:#ffffff\">2024<\/a><\/li><\/ul>\t\t<\/div>\n\t\t<div class=\"lqd-lp-header-bottom pos-rel\">\n\t\t\t<h2 class=\"entry-title lqd-lp-title mt-2 mb-0 h5\"><a  href=\"https:\/\/taifasfestival.ro\/en\/colectionarii-de-absente-ligia-kesisian\/\" rel=\"bookmark\">Colec\u021bionarii de absen\u021be &#8211; Ligia Ke\u0219i\u0219ian<\/a><\/h2>\t\t<\/div>\n\t<\/header>\n\n\t<\/div>\n\n<a  href=\"https:\/\/taifasfestival.ro\/en\/colectionarii-de-absente-ligia-kesisian\/\" class=\"lqd-lp-overlay-link lqd-overlay lqd-cc-label-trigger z-index-2\" tab-index=\"-1\"><\/a><\/article><\/div><div class=\"lqd-lp-column d-flex flex-column col-md-4 col-sm-6 eseu-2023\"><article id=\"post-7299\" class=\"lqd-lp pos-rel lqd-lp lqd-lp-style-17 lqd-lp-img-cover d-flex flex-wrap border-radius-4 overflow-hidden h-custom text-start post-7299 post type-post status-publish format-standard has-post-thumbnail hentry category-eseu-2023 tag-moni-stanila\">\n\n<div class=\"lqd-lp-img lqd-overlay\">\n\t<figure class=\"pos-rel bg-cover bg-center w-100 h-100\"><img loading=\"lazy\" decoding=\"async\" width=\"640\" height=\"427\" src=\"data:image\/svg+xml;charset=utf-8,%3Csvg xmlns%3D&#039;http%3A%2F%2Fwww.w3.org%2F2000%2Fsvg&#039; viewBox%3D&#039;0 0 640 427&#039;%2F%3E\" class=\"w-100 h-100 objfit-cover objfit-center ld-lazyload wp-post-image\" alt=\"\" itemprop=\"image\" data-src=\"https:\/\/taifasfestival.ro\/wp-content\/uploads\/2024\/06\/18102023_17_Moni-Stanila_La-Doua-Bufnite_atelier.jpg\" data-srcset=\"https:\/\/taifasfestival.ro\/wp-content\/uploads\/2024\/06\/18102023_17_Moni-Stanila_La-Doua-Bufnite_atelier.jpg 640w, https:\/\/taifasfestival.ro\/wp-content\/uploads\/2024\/06\/18102023_17_Moni-Stanila_La-Doua-Bufnite_atelier-300x200.jpg 300w, https:\/\/taifasfestival.ro\/wp-content\/uploads\/2024\/06\/18102023_17_Moni-Stanila_La-Doua-Bufnite_atelier-18x12.jpg 18w\" data-sizes=\"(max-width: 640px) 100vw, 640px\" data-aspect=\"1.4988290398126\" \/><\/figure><\/div>\n\n<div class=\"lqd-lp-inner lqd-overlay d-flex flex-column justify-content-end pt-6 pb-6 ps-4 pe-4 px-4\">\n\t\n\t<div class=\"lqd-lp-content-bg lqd-overlay\"><\/div>\n\n\t<header class=\"lqd-lp-header mb-2\">\n\t\t<div class=\"lqd-lp-meta\">\n\t\t\t<span class=\"screen-reader-text\">Tags <\/span><ul class=\"lqd-lp-cat lqd-lp-cat reset-ul inline-ul pos-rel z-index-3\"><li><a href=\"https:\/\/taifasfestival.ro\/en\/categorie\/2023\/rezidenta-literara-2023\/eseu-2023\/\" rel=\"category\">Eseu 2023<\/a><\/li><\/ul>\t\t<\/div>\n\t\t<div class=\"lqd-lp-header-bottom pos-rel\">\n\t\t\t<h2 class=\"entry-title lqd-lp-title mt-2 mb-0 h5\"><a  href=\"https:\/\/taifasfestival.ro\/en\/o-treaba-profund-balcanica-2023\/\" rel=\"bookmark\">A Truly Balkan Job - \nMoni St\u0103nil\u0103<\/a><\/h2>\t\t<\/div>\n\t<\/header>\n\n\t<\/div>\n\n<a  href=\"https:\/\/taifasfestival.ro\/en\/o-treaba-profund-balcanica-2023\/\" class=\"lqd-lp-overlay-link lqd-overlay lqd-cc-label-trigger z-index-2\" tab-index=\"-1\"><\/a><\/article><\/div><div class=\"lqd-lp-column d-flex flex-column col-md-4 col-sm-6 eseu-2023\"><article id=\"post-7291\" class=\"lqd-lp pos-rel lqd-lp lqd-lp-style-17 lqd-lp-img-cover d-flex flex-wrap border-radius-4 overflow-hidden h-custom text-start post-7291 post type-post status-publish format-standard has-post-thumbnail hentry category-eseu-2023 tag-alexandru-vakulovski\">\n\n<div class=\"lqd-lp-img lqd-overlay\">\n\t<figure class=\"pos-rel bg-cover bg-center w-100 h-100\"><img loading=\"lazy\" decoding=\"async\" width=\"640\" height=\"427\" src=\"data:image\/svg+xml;charset=utf-8,%3Csvg xmlns%3D&#039;http%3A%2F%2Fwww.w3.org%2F2000%2Fsvg&#039; viewBox%3D&#039;0 0 640 427&#039;%2F%3E\" class=\"w-100 h-100 objfit-cover objfit-center ld-lazyload wp-post-image\" alt=\"\" itemprop=\"image\" data-src=\"https:\/\/taifasfestival.ro\/wp-content\/uploads\/2024\/06\/31102023_Taifas_La-Doua-Bufnite_07.jpg\" data-srcset=\"https:\/\/taifasfestival.ro\/wp-content\/uploads\/2024\/06\/31102023_Taifas_La-Doua-Bufnite_07.jpg 640w, https:\/\/taifasfestival.ro\/wp-content\/uploads\/2024\/06\/31102023_Taifas_La-Doua-Bufnite_07-300x200.jpg 300w, https:\/\/taifasfestival.ro\/wp-content\/uploads\/2024\/06\/31102023_Taifas_La-Doua-Bufnite_07-18x12.jpg 18w\" data-sizes=\"(max-width: 640px) 100vw, 640px\" data-aspect=\"1.4988290398126\" \/><\/figure><\/div>\n\n<div class=\"lqd-lp-inner lqd-overlay d-flex flex-column justify-content-end pt-6 pb-6 ps-4 pe-4 px-4\">\n\t\n\t<div class=\"lqd-lp-content-bg lqd-overlay\"><\/div>\n\n\t<header class=\"lqd-lp-header mb-2\">\n\t\t<div class=\"lqd-lp-meta\">\n\t\t\t<span class=\"screen-reader-text\">Tags <\/span><ul class=\"lqd-lp-cat lqd-lp-cat reset-ul inline-ul pos-rel z-index-3\"><li><a href=\"https:\/\/taifasfestival.ro\/en\/categorie\/2023\/rezidenta-literara-2023\/eseu-2023\/\" rel=\"category\">Eseu 2023<\/a><\/li><\/ul>\t\t<\/div>\n\t\t<div class=\"lqd-lp-header-bottom pos-rel\">\n\t\t\t<h2 class=\"entry-title lqd-lp-title mt-2 mb-0 h5\"><a  href=\"https:\/\/taifasfestival.ro\/en\/te-ai-ascuns-alexandru-vakulovski\/\" rel=\"bookmark\">Te-ai ascuns &#8211; Alexandru Vakulovski<\/a><\/h2>\t\t<\/div>\n\t<\/header>\n\n\t<\/div>\n\n<a  href=\"https:\/\/taifasfestival.ro\/en\/te-ai-ascuns-alexandru-vakulovski\/\" class=\"lqd-lp-overlay-link lqd-overlay lqd-cc-label-trigger z-index-2\" tab-index=\"-1\"><\/a><\/article><\/div><div class=\"lqd-lp-column d-flex flex-column col-md-4 col-sm-6 eseu-2023\"><article id=\"post-7281\" class=\"lqd-lp pos-rel lqd-lp lqd-lp-style-17 lqd-lp-img-cover d-flex flex-wrap border-radius-4 overflow-hidden h-custom text-start post-7281 post type-post status-publish format-standard has-post-thumbnail hentry category-eseu-2023 tag-adrian-schiop\">\n\n<div class=\"lqd-lp-img lqd-overlay\">\n\t<figure class=\"pos-rel bg-cover bg-center w-100 h-100\"><img loading=\"lazy\" decoding=\"async\" width=\"640\" height=\"427\" src=\"data:image\/svg+xml;charset=utf-8,%3Csvg xmlns%3D&#039;http%3A%2F%2Fwww.w3.org%2F2000%2Fsvg&#039; viewBox%3D&#039;0 0 640 427&#039;%2F%3E\" class=\"w-100 h-100 objfit-cover objfit-center ld-lazyload wp-post-image\" alt=\"\" itemprop=\"image\" data-src=\"https:\/\/taifasfestival.ro\/wp-content\/uploads\/2024\/06\/08112023_Taifas_La-Doua-Bufnite_09.jpg\" data-srcset=\"https:\/\/taifasfestival.ro\/wp-content\/uploads\/2024\/06\/08112023_Taifas_La-Doua-Bufnite_09.jpg 640w, https:\/\/taifasfestival.ro\/wp-content\/uploads\/2024\/06\/08112023_Taifas_La-Doua-Bufnite_09-300x200.jpg 300w, https:\/\/taifasfestival.ro\/wp-content\/uploads\/2024\/06\/08112023_Taifas_La-Doua-Bufnite_09-18x12.jpg 18w\" data-sizes=\"(max-width: 640px) 100vw, 640px\" data-aspect=\"1.4988290398126\" \/><\/figure><\/div>\n\n<div class=\"lqd-lp-inner lqd-overlay d-flex flex-column justify-content-end pt-6 pb-6 ps-4 pe-4 px-4\">\n\t\n\t<div class=\"lqd-lp-content-bg lqd-overlay\"><\/div>\n\n\t<header class=\"lqd-lp-header mb-2\">\n\t\t<div class=\"lqd-lp-meta\">\n\t\t\t<span class=\"screen-reader-text\">Tags <\/span><ul class=\"lqd-lp-cat lqd-lp-cat reset-ul inline-ul pos-rel z-index-3\"><li><a href=\"https:\/\/taifasfestival.ro\/en\/categorie\/2023\/rezidenta-literara-2023\/eseu-2023\/\" rel=\"category\">Eseu 2023<\/a><\/li><\/ul>\t\t<\/div>\n\t\t<div class=\"lqd-lp-header-bottom pos-rel\">\n\t\t\t<h2 class=\"entry-title lqd-lp-title mt-2 mb-0 h5\"><a  href=\"https:\/\/taifasfestival.ro\/en\/scena-banateana-de-manele-si-complexul-papal-polonez-2023\/\" rel=\"bookmark\">The Banat Scene of Manele and the Polish Papal Complex<\/a><\/h2>\t\t<\/div>\n\t<\/header>\n\n\t<\/div>\n\n<a  href=\"https:\/\/taifasfestival.ro\/en\/scena-banateana-de-manele-si-complexul-papal-polonez-2023\/\" class=\"lqd-lp-overlay-link lqd-overlay lqd-cc-label-trigger z-index-2\" tab-index=\"-1\"><\/a><\/article><\/div><div class=\"lqd-lp-column d-flex flex-column col-md-4 col-sm-6 eseu-2023\"><article id=\"post-7263\" class=\"lqd-lp pos-rel lqd-lp lqd-lp-style-17 lqd-lp-img-cover d-flex flex-wrap border-radius-4 overflow-hidden h-custom text-start post-7263 post type-post status-publish format-standard has-post-thumbnail hentry category-eseu-2023 tag-vasile-ernu\">\n\n<div class=\"lqd-lp-img lqd-overlay\">\n\t<figure class=\"pos-rel bg-cover bg-center w-100 h-100\"><img loading=\"lazy\" decoding=\"async\" width=\"640\" height=\"427\" src=\"data:image\/svg+xml;charset=utf-8,%3Csvg xmlns%3D&#039;http%3A%2F%2Fwww.w3.org%2F2000%2Fsvg&#039; viewBox%3D&#039;0 0 640 427&#039;%2F%3E\" class=\"w-100 h-100 objfit-cover objfit-center ld-lazyload wp-post-image\" alt=\"\" itemprop=\"image\" data-src=\"https:\/\/taifasfestival.ro\/wp-content\/uploads\/2024\/06\/31102023_Taifas_La-Doua-Bufnite_02.jpg\" data-srcset=\"https:\/\/taifasfestival.ro\/wp-content\/uploads\/2024\/06\/31102023_Taifas_La-Doua-Bufnite_02.jpg 640w, https:\/\/taifasfestival.ro\/wp-content\/uploads\/2024\/06\/31102023_Taifas_La-Doua-Bufnite_02-300x200.jpg 300w, https:\/\/taifasfestival.ro\/wp-content\/uploads\/2024\/06\/31102023_Taifas_La-Doua-Bufnite_02-18x12.jpg 18w\" data-sizes=\"(max-width: 640px) 100vw, 640px\" data-aspect=\"1.4988290398126\" \/><\/figure><\/div>\n\n<div class=\"lqd-lp-inner lqd-overlay d-flex flex-column justify-content-end pt-6 pb-6 ps-4 pe-4 px-4\">\n\t\n\t<div class=\"lqd-lp-content-bg lqd-overlay\"><\/div>\n\n\t<header class=\"lqd-lp-header mb-2\">\n\t\t<div class=\"lqd-lp-meta\">\n\t\t\t<span class=\"screen-reader-text\">Tags <\/span><ul class=\"lqd-lp-cat lqd-lp-cat reset-ul inline-ul pos-rel z-index-3\"><li><a href=\"https:\/\/taifasfestival.ro\/en\/categorie\/2023\/rezidenta-literara-2023\/eseu-2023\/\" rel=\"category\">Eseu 2023<\/a><\/li><\/ul>\t\t<\/div>\n\t\t<div class=\"lqd-lp-header-bottom pos-rel\">\n\t\t\t<h2 class=\"entry-title lqd-lp-title mt-2 mb-0 h5\"><a  href=\"https:\/\/taifasfestival.ro\/en\/jurnal-balcanic-balcanii-din-noi-2023\/\" rel=\"bookmark\">Balkan Journal: The Balkans within us \u2013 our great heritage of which we are ashamed.\n\nVasile Ernu<\/a><\/h2>\t\t<\/div>\n\t<\/header>\n\n\t<\/div>\n\n<a  href=\"https:\/\/taifasfestival.ro\/en\/jurnal-balcanic-balcanii-din-noi-2023\/\" class=\"lqd-lp-overlay-link lqd-overlay lqd-cc-label-trigger z-index-2\" tab-index=\"-1\"><\/a><\/article><\/div><\/div><!--\/ .row --><\/div><!--\/ .lqd-lp-grid -->\t\t\t\t<\/div>\n\t\t\t\t<\/div>\n\t\t\t\t\t<\/div>\n\t\t<\/div>\n\t\t\t\t\t<\/div>\n\t\t<\/section>\n\t\t\t\t<\/div>","protected":false},"excerpt":{"rendered":"<p>Eseuri \u0219i impresii Categorii Toate Bursa de cercetare 2025 Reziden\u021ba Literar\u0103 2023 Reziden\u021ba literar\u0103 2024 Reziden\u021ba literar\u0103 2025 ToateBursa de cercetare 2025Reziden\u021ba Literar\u0103 2023Reziden\u021ba literar\u0103 2024Reziden\u021ba literar\u0103 2025 Tags 2025 CRONIC\u0102 TAIFAS 2025 &#8211; Ruxandra P\u0103duraru Tags Bursa de cercetare 2025 Bury Your Gays in Balkan Cinema: LGBTQ+ Representation from the 1990s to Present &#8211; [&hellip;]<\/p>","protected":false},"author":1,"featured_media":0,"parent":0,"menu_order":0,"comment_status":"closed","ping_status":"closed","template":"","meta":{"inline_featured_image":false,"footnotes":""},"class_list":["post-7217","page","type-page","status-publish","hentry"],"_links":{"self":[{"href":"https:\/\/taifasfestival.ro\/en\/wp-json\/wp\/v2\/pages\/7217","targetHints":{"allow":["GET"]}}],"collection":[{"href":"https:\/\/taifasfestival.ro\/en\/wp-json\/wp\/v2\/pages"}],"about":[{"href":"https:\/\/taifasfestival.ro\/en\/wp-json\/wp\/v2\/types\/page"}],"author":[{"embeddable":true,"href":"https:\/\/taifasfestival.ro\/en\/wp-json\/wp\/v2\/users\/1"}],"replies":[{"embeddable":true,"href":"https:\/\/taifasfestival.ro\/en\/wp-json\/wp\/v2\/comments?post=7217"}],"version-history":[{"count":44,"href":"https:\/\/taifasfestival.ro\/en\/wp-json\/wp\/v2\/pages\/7217\/revisions"}],"predecessor-version":[{"id":9186,"href":"https:\/\/taifasfestival.ro\/en\/wp-json\/wp\/v2\/pages\/7217\/revisions\/9186"}],"wp:attachment":[{"href":"https:\/\/taifasfestival.ro\/en\/wp-json\/wp\/v2\/media?parent=7217"}],"curies":[{"name":"wp","href":"https:\/\/api.w.org\/{rel}","templated":true}]}}