{"id":7199,"date":"2024-06-27T05:56:04","date_gmt":"2024-06-27T05:56:04","guid":{"rendered":"https:\/\/taifasfestival.mywp.ro\/?page_id=7199"},"modified":"2024-06-27T06:09:13","modified_gmt":"2024-06-27T06:09:13","slug":"rezidenta-literara-2023","status":"publish","type":"page","link":"https:\/\/taifasfestival.ro\/en\/rezidenta-literara-2023\/","title":{"rendered":"Reziden\u021ba literar\u0103 2023"},"content":{"rendered":"<div data-elementor-type=\"wp-page\" data-elementor-id=\"7199\" class=\"elementor elementor-7199\" data-elementor-post-type=\"page\">\n\t\t\t\t\t\t<section data-section-luminosity=\"dark\" class=\"elementor-section elementor-top-section elementor-element elementor-element-d4a4ebc elementor-section-boxed elementor-section-height-default elementor-section-height-default\" data-id=\"d4a4ebc\" data-element_type=\"section\" data-settings=\"{&quot;background_background&quot;:&quot;classic&quot;}\">\n\t\t\t\t\t\t<div class=\"elementor-container elementor-column-gap-default\">\n\t\t\t\t\t<div class=\"elementor-column elementor-col-100 elementor-top-column elementor-element elementor-element-6ca008c7\" data-id=\"6ca008c7\" data-element_type=\"column\">\n\t\t\t<div class=\"elementor-widget-wrap elementor-element-populated\">\n\t\t\t\t\t\t<section class=\"elementor-section elementor-inner-section elementor-element elementor-element-7e162373 elementor-section-boxed elementor-section-height-default elementor-section-height-default\" data-id=\"7e162373\" data-element_type=\"section\">\n\t\t\t\t\t\t<div class=\"elementor-container elementor-column-gap-default\">\n\t\t\t\t\t<div class=\"elementor-column elementor-col-100 elementor-inner-column elementor-element elementor-element-54e8e0f6\" data-id=\"54e8e0f6\" data-element_type=\"column\">\n\t\t\t<div class=\"elementor-widget-wrap elementor-element-populated\">\n\t\t\t\t\t\t<div class=\"elementor-element elementor-element-2dd28de6 elementor-widget elementor-widget-hub_fancy_heading\" data-id=\"2dd28de6\" data-element_type=\"widget\" data-widget_type=\"hub_fancy_heading.default\">\n\t\t\t\t<div class=\"elementor-widget-container\">\n\t\t\t\t\t\n\t\t<div id=\"ld-fancy-heading-69f2aecdf3162\" class=\"ld-fancy-heading pos-rel\">\n\t\t\t<h1 class=\"ld-fh-element d-inline-block pos-rel  elementor-heading-title lqd-highlight-classic lqd-highlight-grow-left h5\"  > Literary residency<\/h1>\t\t<\/div>\n\n\t\t\t\t\t\t<\/div>\n\t\t\t\t<\/div>\n\t\t\t\t\t<\/div>\n\t\t<\/div>\n\t\t\t\t\t<\/div>\n\t\t<\/section>\n\t\t\t\t<div class=\"elementor-element elementor-element-45475be5 elementor-widget elementor-widget-ld_fancy_image\" data-id=\"45475be5\" data-element_type=\"widget\" data-widget_type=\"ld_fancy_image.default\">\n\t\t\t\t<div class=\"elementor-widget-container\">\n\t\t\t\t\t\n\t\t<div class=\"lqd-imggrp-single d-block pos-rel perspective\" data-hover3d=\"true\">\n\t\t\t<div class=\"lqd-imggrp-img-container d-inline-flex pos-rel align-items-center justify-content-center transform-style-3d\">\n\t\t\t\t\t\t\t\t<figure class=\"w-100 pos-rel\" data-stacking-factor=\"1\" data-reveal=\"true\" data-reveal-options=\"{&quot;direction&quot;:&quot;lr&quot;}\">\n\t\t\t\t\t<img fetchpriority=\"high\" decoding=\"async\" width=\"640\" height=\"427\" src=\"https:\/\/taifasfestival.ro\/wp-content\/uploads\/2024\/06\/18102023_15La-Doua-Bufnite_atelier.jpg\" class=\"attachment-full size-full wp-image-7216\" alt=\"\" srcset=\"https:\/\/taifasfestival.ro\/wp-content\/uploads\/2024\/06\/18102023_15La-Doua-Bufnite_atelier.jpg 640w, https:\/\/taifasfestival.ro\/wp-content\/uploads\/2024\/06\/18102023_15La-Doua-Bufnite_atelier-300x200.jpg 300w, https:\/\/taifasfestival.ro\/wp-content\/uploads\/2024\/06\/18102023_15La-Doua-Bufnite_atelier-18x12.jpg 18w\" sizes=\"(max-width: 640px) 100vw, 640px\" itemprop=\"image\" \/>\t\t\t\t\t\t\t\t\t\t\t\t\t\t\t\t\t\t\t\t\t\t\t\t\t\t\t\t\t<\/figure>\n\t\t\t<\/div>\n\t\t<\/div>\n\n\t\t\t\t\t<\/div>\n\t\t\t\t<\/div>\n\t\t\t\t\t<\/div>\n\t\t<\/div>\n\t\t\t\t\t<\/div>\n\t\t<\/section>\n\t\t\t\t<section class=\"elementor-section elementor-top-section elementor-element elementor-element-40af35fc elementor-section-boxed elementor-section-height-default elementor-section-height-default\" data-id=\"40af35fc\" data-element_type=\"section\" data-settings=\"{&quot;background_background&quot;:&quot;classic&quot;}\">\n\t\t\t\t\t\t<div class=\"elementor-container elementor-column-gap-no\">\n\t\t\t\t\t<div class=\"elementor-column elementor-col-100 elementor-top-column elementor-element elementor-element-6378ec8d\" data-id=\"6378ec8d\" data-element_type=\"column\">\n\t\t\t<div class=\"elementor-widget-wrap elementor-element-populated\">\n\t\t\t\t\t\t<section class=\"elementor-section elementor-inner-section elementor-element elementor-element-5d82c072 elementor-section-boxed elementor-section-height-default elementor-section-height-default\" data-id=\"5d82c072\" data-element_type=\"section\">\n\t\t\t\t\t\t<div class=\"elementor-container elementor-column-gap-default\">\n\t\t\t\t\t<div class=\"elementor-column elementor-col-50 elementor-inner-column elementor-element elementor-element-6ae05572\" data-id=\"6ae05572\" data-element_type=\"column\">\n\t\t\t<div class=\"elementor-widget-wrap elementor-element-populated\">\n\t\t\t\t\t\t<div class=\"elementor-element elementor-element-c100445 elementor-widget elementor-widget-hub_fancy_heading\" data-id=\"c100445\" data-element_type=\"widget\" data-widget_type=\"hub_fancy_heading.default\">\n\t\t\t\t<div class=\"elementor-widget-container\">\n\t\t\t\t\t\n\t\t<div id=\"ld-fancy-heading-69f2aece01e00\" class=\"ld-fancy-heading pos-rel\">\n\t\t\t<h2 class=\"ld-fh-element d-inline-block pos-rel  elementor-heading-title lqd-highlight-classic lqd-highlight-grow-left h2\"  > The TAIFAS literary residency is organized together with the independent bookstore \"La Doua Bufni\u021be\" and aims to provide a framework in which contemporary writers will have the opportunity to write in the privacy of the city, for a month, about their vision of Balkan culture.<\/h2>\t\t<\/div>\n\n\t\t\t\t\t\t<\/div>\n\t\t\t\t<\/div>\n\t\t\t\t\t<\/div>\n\t\t<\/div>\n\t\t\t\t<div class=\"elementor-column elementor-col-50 elementor-inner-column elementor-element elementor-element-1297cfb\" data-id=\"1297cfb\" data-element_type=\"column\">\n\t\t\t<div class=\"elementor-widget-wrap elementor-element-populated\">\n\t\t\t\t\t\t<div class=\"elementor-element elementor-element-e362269 elementor-align-left elementor-widget elementor-widget-ld_icon_box\" data-id=\"e362269\" data-element_type=\"widget\" data-widget_type=\"ld_icon_box.default\">\n\t\t\t\t<div class=\"elementor-widget-container\">\n\t\t\t\t\t\n\t\t\t<div id=\"ld_icon_box_e362269\" class=\"iconbox d-flex flex-grow-1 pos-rel flex-wrap align-items-center iconbox-inline\"   >\n\n\t\t\t\t\n\t\t\t\t<div class=\"iconbox-icon-wrap\"><div class=\"iconbox-icon-container d-inline-flex\"><svg aria-hidden=\"true\" class=\"e-font-icon-svg e-fas-book-open\" viewbox=\"0 0 576 512\" xmlns=\"http:\/\/www.w3.org\/2000\/svg\"><path d=\"M542.22 32.05c-54.8 3.11-163.72 14.43-230.96 55.59-4.64 2.84-7.27 7.89-7.27 13.17v363.87c0 11.55 12.63 18.85 23.28 13.49 69.18-34.82 169.23-44.32 218.7-46.92 16.89-.89 30.02-14.43 30.02-30.66V62.75c.01-17.71-15.35-31.74-33.77-30.7zM264.73 87.64C197.5 46.48 88.58 35.17 33.78 32.05 15.36 31.01 0 45.04 0 62.75V400.6c0 16.24 13.13 29.78 30.02 30.66 49.49 2.6 149.59 12.11 218.77 46.95 10.62 5.35 23.21-1.94 23.21-13.46V100.63c0-5.29-2.62-10.14-7.27-12.99z\"><\/path><\/svg><\/div><\/div>\n\t\t\t\t<h3 class=\"lqd-iconbox-heading\" > Essays and impressions 2023 <\/h3>\n\t\t\t\t<div class=\"contents\">\n\t\t\t\t\n\t\t\t\t\t\t\t\t<p>What the authors wrote during their stay in Timi\u0219oara<\/p>\n\t\t\t\t\t\t\t\t<a href=\"https:\/\/taifasfestival.ro\/en\/rezidenta-literara-eseuri-si-impresii\/\" class=\"elementor-button btn ws-nowrap btn-solid btn-icon-shaped btn-has-label\" >\n\t\t\t\t\t\t\t\t\t\t\t<span class=\"btn-txt\"  data-text=\"Cite\u0219te aici\" >Read here<\/span>\n\t\t\t\t\t\t\t\t\t\t\t\t\t\t<\/a>\n\n\t\t\t\t\n\t\t\t\t<\/div>\n\t\t\t\t\n\t\t\t<\/div>\n\n\t\t\t\t\t\t<\/div>\n\t\t\t\t<\/div>\n\t\t\t\t\t<\/div>\n\t\t<\/div>\n\t\t\t\t\t<\/div>\n\t\t<\/section>\n\t\t\t\t<div class=\"elementor-element elementor-element-26b014f2 elementor-widget elementor-widget-spacer\" data-id=\"26b014f2\" data-element_type=\"widget\" data-widget_type=\"spacer.default\">\n\t\t\t\t<div class=\"elementor-widget-container\">\n\t\t\t\t\t\t\t<div class=\"elementor-spacer\">\n\t\t\t<div class=\"elementor-spacer-inner\"><\/div>\n\t\t<\/div>\n\t\t\t\t\t\t<\/div>\n\t\t\t\t<\/div>\n\t\t\t\t\t<\/div>\n\t\t<\/div>\n\t\t\t\t\t<\/div>\n\t\t<\/section>\n\t\t\t\t<section class=\"elementor-section elementor-top-section elementor-element elementor-element-61607274 elementor-section-boxed elementor-section-height-default elementor-section-height-default\" data-id=\"61607274\" data-element_type=\"section\" data-settings=\"{&quot;background_background&quot;:&quot;classic&quot;}\">\n\t\t\t\t\t\t<div class=\"elementor-container elementor-column-gap-no\">\n\t\t\t\t\t<div class=\"elementor-column elementor-col-100 elementor-top-column elementor-element elementor-element-5edcc121\" data-id=\"5edcc121\" data-element_type=\"column\">\n\t\t\t<div class=\"elementor-widget-wrap elementor-element-populated\">\n\t\t\t\t\t\t<section class=\"elementor-section elementor-inner-section elementor-element elementor-element-4bcba6d0 elementor-section-boxed elementor-section-height-default elementor-section-height-default\" data-id=\"4bcba6d0\" data-element_type=\"section\">\n\t\t\t\t\t\t<div class=\"elementor-container elementor-column-gap-default\">\n\t\t\t\t\t<div class=\"elementor-column elementor-col-100 elementor-inner-column elementor-element elementor-element-7e4c0eae\" data-id=\"7e4c0eae\" data-element_type=\"column\">\n\t\t\t<div class=\"elementor-widget-wrap elementor-element-populated\">\n\t\t\t\t\t\t<div class=\"elementor-element elementor-element-6e8f715d elementor-widget__width-auto elementor-widget elementor-widget-hub_fancy_heading\" data-id=\"6e8f715d\" data-element_type=\"widget\" data-widget_type=\"hub_fancy_heading.default\">\n\t\t\t\t<div class=\"elementor-widget-container\">\n\t\t\t\t\t\n\t\t<div id=\"ld-fancy-heading-69f2aece0816f\" class=\"ld-fancy-heading pos-rel\">\n\t\t\t<h6 class=\"ld-fh-element d-inline-block pos-rel  elementor-heading-title lqd-highlight-classic lqd-highlight-grow-left h6\"  > ABOUT US<\/h6>\t\t<\/div>\n\n\t\t\t\t\t\t<\/div>\n\t\t\t\t<\/div>\n\t\t\t\t<div class=\"elementor-element elementor-element-0ccc75d elementor-widget elementor-widget-hub_fancy_heading\" data-id=\"0ccc75d\" data-element_type=\"widget\" data-widget_type=\"hub_fancy_heading.default\">\n\t\t\t\t<div class=\"elementor-widget-container\">\n\t\t\t\t\t\n\t\t<div id=\"ld-fancy-heading-69f2aece086be\" class=\"ld-fancy-heading pos-rel\">\n\t\t\t<h2 class=\"ld-fh-element d-inline-block pos-rel  elementor-heading-title lqd-highlight-classic lqd-highlight-grow-left h2\"  > During October-November, we will enjoy the presence in the city of four contemporary authors from various regions of Romania and the Republic of Moldova: Moni St\u0103nil\u0103, Alexandru Vakulovski, Vasile Ernu, and Adrian Schiop. During this period, they will meet with students, young writers, and hold public readings. At the end of the program, the residents will exhibit their vision of the space, values, and specific principles of the area through a public reading.<\/h2>\t\t<\/div>\n\n\t\t\t\t\t\t<\/div>\n\t\t\t\t<\/div>\n\t\t\t\t\t<\/div>\n\t\t<\/div>\n\t\t\t\t\t<\/div>\n\t\t<\/section>\n\t\t\t\t\t<\/div>\n\t\t<\/div>\n\t\t\t\t\t<\/div>\n\t\t<\/section>\n\t\t\t\t<section class=\"elementor-section elementor-top-section elementor-element elementor-element-262adc60 elementor-section-boxed elementor-section-height-default elementor-section-height-default\" data-id=\"262adc60\" data-element_type=\"section\" data-settings=\"{&quot;background_background&quot;:&quot;classic&quot;}\">\n\t\t\t\t\t\t<div class=\"elementor-container elementor-column-gap-default\">\n\t\t\t\t\t<div class=\"lqd-css-sticky-column elementor-column elementor-col-100 elementor-top-column elementor-element elementor-element-2d974bd1\" style=\"--lqd-sticky-offset:0px\" data-id=\"2d974bd1\" data-element_type=\"column\">\n\t\t\t<div class=\"elementor-widget-wrap elementor-element-populated\">\n\t\t\t\t\t\t<div class=\"elementor-element elementor-element-57242e5 elementor-widget elementor-widget-hub_fancy_heading\" data-id=\"57242e5\" data-element_type=\"widget\" data-widget_type=\"hub_fancy_heading.default\">\n\t\t\t\t<div class=\"elementor-widget-container\">\n\t\t\t\t\t\n\t\t<div id=\"ld-fancy-heading-69f2aece08c2a\" class=\"ld-fancy-heading pos-rel\">\n\t\t\t<h2 class=\"ld-fh-element d-inline-block pos-rel  elementor-heading-title lqd-highlight-classic lqd-highlight-grow-left h2\"  > Events at La Doua Bufni\u021be Bookstore:<\/h2>\t\t<\/div>\n\n\t\t\t\t\t\t<\/div>\n\t\t\t\t<\/div>\n\t\t\t\t\t<\/div>\n\t\t<\/div>\n\t\t\t\t\t<\/div>\n\t\t<\/section>\n\t\t\t\t<section class=\"elementor-section elementor-top-section elementor-element elementor-element-0378e86 elementor-section-boxed elementor-section-height-default elementor-section-height-default\" data-id=\"0378e86\" data-element_type=\"section\" data-settings=\"{&quot;background_background&quot;:&quot;classic&quot;}\">\n\t\t\t\t\t\t<div class=\"elementor-container elementor-column-gap-default\">\n\t\t\t\t\t<div class=\"lqd-css-sticky-column elementor-column elementor-col-50 elementor-top-column elementor-element elementor-element-ecb8e47\" style=\"--lqd-sticky-offset:0px\" data-id=\"ecb8e47\" data-element_type=\"column\">\n\t\t\t<div class=\"elementor-widget-wrap elementor-element-populated\">\n\t\t\t\t\t\t<div class=\"elementor-element elementor-element-aec2e43 elementor-align-left elementor-widget elementor-widget-ld_icon_box\" data-id=\"aec2e43\" data-element_type=\"widget\" data-widget_type=\"ld_icon_box.default\">\n\t\t\t\t<div class=\"elementor-widget-container\">\n\t\t\t\t\t\n\t\t\t<div id=\"ld_icon_box_aec2e43\" class=\"iconbox d-flex flex-grow-1 pos-rel flex-wrap align-items-center iconbox-inline\"   >\n\n\t\t\t\t\n\t\t\t\t<div class=\"iconbox-icon-wrap\"><div class=\"iconbox-icon-container d-inline-flex\"><svg aria-hidden=\"true\" class=\"e-font-icon-svg e-far-calendar-alt\" viewbox=\"0 0 448 512\" xmlns=\"http:\/\/www.w3.org\/2000\/svg\"><path d=\"M148 288h-40c-6.6 0-12-5.4-12-12v-40c0-6.6 5.4-12 12-12h40c6.6 0 12 5.4 12 12v40c0 6.6-5.4 12-12 12zm108-12v-40c0-6.6-5.4-12-12-12h-40c-6.6 0-12 5.4-12 12v40c0 6.6 5.4 12 12 12h40c6.6 0 12-5.4 12-12zm96 0v-40c0-6.6-5.4-12-12-12h-40c-6.6 0-12 5.4-12 12v40c0 6.6 5.4 12 12 12h40c6.6 0 12-5.4 12-12zm-96 96v-40c0-6.6-5.4-12-12-12h-40c-6.6 0-12 5.4-12 12v40c0 6.6 5.4 12 12 12h40c6.6 0 12-5.4 12-12zm-96 0v-40c0-6.6-5.4-12-12-12h-40c-6.6 0-12 5.4-12 12v40c0 6.6 5.4 12 12 12h40c6.6 0 12-5.4 12-12zm192 0v-40c0-6.6-5.4-12-12-12h-40c-6.6 0-12 5.4-12 12v40c0 6.6 5.4 12 12 12h40c6.6 0 12-5.4 12-12zm96-260v352c0 26.5-21.5 48-48 48H48c-26.5 0-48-21.5-48-48V112c0-26.5 21.5-48 48-48h48V12c0-6.6 5.4-12 12-12h40c6.6 0 12 5.4 12 12v52h128V12c0-6.6 5.4-12 12-12h40c6.6 0 12 5.4 12 12v52h48c26.5 0 48 21.5 48 48zm-48 346V160H48v298c0 3.3 2.7 6 6 6h340c3.3 0 6-2.7 6-6z\"><\/path><\/svg><\/div><\/div>\n\t\t\t\t<h3 class=\"lqd-iconbox-heading\" >October 31, 6:30 p.m. <\/h3>\n\t\t\t\t<div class=\"contents\">\n\t\t\t\t\n\t\t\t\t\t\t\t\t<p>Artist talk \"La taifas with writers\" - an open meeting with the literary residents<\/p>\n\t\t\t\t\n\t\t\t\t<\/div>\n\t\t\t\t\n\t\t\t<\/div>\n\n\t\t\t\t\t\t<\/div>\n\t\t\t\t<\/div>\n\t\t\t\t\t<\/div>\n\t\t<\/div>\n\t\t\t\t<div class=\"elementor-column elementor-col-50 elementor-top-column elementor-element elementor-element-b35b50b\" data-id=\"b35b50b\" data-element_type=\"column\">\n\t\t\t<div class=\"elementor-widget-wrap elementor-element-populated\">\n\t\t\t\t\t\t<div class=\"elementor-element elementor-element-d171d19 elementor-align-left elementor-widget elementor-widget-ld_icon_box\" data-id=\"d171d19\" data-element_type=\"widget\" data-widget_type=\"ld_icon_box.default\">\n\t\t\t\t<div class=\"elementor-widget-container\">\n\t\t\t\t\t\n\t\t\t<div id=\"ld_icon_box_d171d19\" class=\"iconbox d-flex flex-grow-1 pos-rel flex-wrap align-items-center iconbox-inline\"   >\n\n\t\t\t\t\n\t\t\t\t<div class=\"iconbox-icon-wrap\"><div class=\"iconbox-icon-container d-inline-flex\"><svg aria-hidden=\"true\" class=\"e-font-icon-svg e-far-calendar-alt\" viewbox=\"0 0 448 512\" xmlns=\"http:\/\/www.w3.org\/2000\/svg\"><path d=\"M148 288h-40c-6.6 0-12-5.4-12-12v-40c0-6.6 5.4-12 12-12h40c6.6 0 12 5.4 12 12v40c0 6.6-5.4 12-12 12zm108-12v-40c0-6.6-5.4-12-12-12h-40c-6.6 0-12 5.4-12 12v40c0 6.6 5.4 12 12 12h40c6.6 0 12-5.4 12-12zm96 0v-40c0-6.6-5.4-12-12-12h-40c-6.6 0-12 5.4-12 12v40c0 6.6 5.4 12 12 12h40c6.6 0 12-5.4 12-12zm-96 96v-40c0-6.6-5.4-12-12-12h-40c-6.6 0-12 5.4-12 12v40c0 6.6 5.4 12 12 12h40c6.6 0 12-5.4 12-12zm-96 0v-40c0-6.6-5.4-12-12-12h-40c-6.6 0-12 5.4-12 12v40c0 6.6 5.4 12 12 12h40c6.6 0 12-5.4 12-12zm192 0v-40c0-6.6-5.4-12-12-12h-40c-6.6 0-12 5.4-12 12v40c0 6.6 5.4 12 12 12h40c6.6 0 12-5.4 12-12zm96-260v352c0 26.5-21.5 48-48 48H48c-26.5 0-48-21.5-48-48V112c0-26.5 21.5-48 48-48h48V12c0-6.6 5.4-12 12-12h40c6.6 0 12 5.4 12 12v52h128V12c0-6.6 5.4-12 12-12h40c6.6 0 12 5.4 12 12v52h48c26.5 0 48 21.5 48 48zm-48 346V160H48v298c0 3.3 2.7 6 6 6h340c3.3 0 6-2.7 6-6z\"><\/path><\/svg><\/div><\/div>\n\t\t\t\t<h3 class=\"lqd-iconbox-heading\" >November 14, 6:30 p.m.  <\/h3>\n\t\t\t\t<div class=\"contents\">\n\t\t\t\t\n\t\t\t\t\t\t\t\t<p>Artist Talk at the end of the residency - a Balkan retrospective through the eyes of the authors<\/p>\n\t\t\t\t\n\t\t\t\t<\/div>\n\t\t\t\t\n\t\t\t<\/div>\n\n\t\t\t\t\t\t<\/div>\n\t\t\t\t<\/div>\n\t\t\t\t\t<\/div>\n\t\t<\/div>\n\t\t\t\t\t<\/div>\n\t\t<\/section>\n\t\t\t\t<section data-section-luminosity=\"light\" class=\"elementor-section elementor-top-section elementor-element elementor-element-359ebbc0 elementor-section-boxed elementor-section-height-default elementor-section-height-default\" data-id=\"359ebbc0\" data-element_type=\"section\">\n\t\t\t\t\t\t<div class=\"elementor-container elementor-column-gap-default\">\n\t\t\t\t\t<div class=\"elementor-column elementor-col-100 elementor-top-column elementor-element elementor-element-2f737f7c\" data-id=\"2f737f7c\" data-element_type=\"column\">\n\t\t\t<div class=\"elementor-widget-wrap elementor-element-populated\">\n\t\t\t\t\t\t<section class=\"elementor-section elementor-inner-section elementor-element elementor-element-37d6cac8 elementor-section-full_width elementor-section-height-default elementor-section-height-default\" data-id=\"37d6cac8\" data-element_type=\"section\">\n\t\t\t\t\t\t<div class=\"elementor-container elementor-column-gap-default\">\n\t\t\t\t\t<div class=\"elementor-column elementor-col-100 elementor-inner-column elementor-element elementor-element-60cdaf1a\" data-id=\"60cdaf1a\" data-element_type=\"column\">\n\t\t\t<div class=\"elementor-widget-wrap elementor-element-populated\">\n\t\t\t\t\t\t<div class=\"elementor-element elementor-element-4bcc48df elementor-widget elementor-widget-hub_fancy_heading\" data-id=\"4bcc48df\" data-element_type=\"widget\" data-widget_type=\"hub_fancy_heading.default\">\n\t\t\t\t<div class=\"elementor-widget-container\">\n\t\t\t\t\t\n\t\t<div id=\"ld-fancy-heading-69f2aece0a431\" class=\"ld-fancy-heading pos-rel\">\n\t\t\t<h2 class=\"ld-fh-element d-inline-block pos-rel  elementor-heading-title lqd-highlight-classic lqd-highlight-grow-left h2\"  > The TAIFAS literary residency<\/h2>\t\t<\/div>\n\n\t\t\t\t\t\t<\/div>\n\t\t\t\t<\/div>\n\t\t\t\t\t<\/div>\n\t\t<\/div>\n\t\t\t\t\t<\/div>\n\t\t<\/section>\n\t\t\t\t<section class=\"elementor-section elementor-inner-section elementor-element elementor-element-34a93b9d elementor-section-boxed elementor-section-height-default elementor-section-height-default\" data-id=\"34a93b9d\" data-element_type=\"section\">\n\t\t\t\t\t\t<div class=\"elementor-container elementor-column-gap-default\">\n\t\t\t\t\t<div class=\"elementor-column elementor-col-50 elementor-inner-column elementor-element elementor-element-33a8e65\" data-id=\"33a8e65\" data-element_type=\"column\">\n\t\t\t<div class=\"elementor-widget-wrap elementor-element-populated\">\n\t\t\t\t\t\t<div class=\"elementor-element elementor-element-6ed72aab elementor-widget elementor-widget-image\" data-id=\"6ed72aab\" data-element_type=\"widget\" data-widget_type=\"image.default\">\n\t\t\t\t<div class=\"elementor-widget-container\">\n\t\t\t\t\t\t\t\t\t\t\t\t\t\t\t<img decoding=\"async\" width=\"780\" height=\"780\" src=\"https:\/\/taifasfestival.ro\/wp-content\/uploads\/2024\/06\/Vasile-Ernu-1024x1024.jpg\" class=\"attachment-large size-large wp-image-7225\" alt=\"\" srcset=\"https:\/\/taifasfestival.ro\/wp-content\/uploads\/2024\/06\/Vasile-Ernu-1024x1024.jpg 1024w, https:\/\/taifasfestival.ro\/wp-content\/uploads\/2024\/06\/Vasile-Ernu-300x300.jpg 300w, https:\/\/taifasfestival.ro\/wp-content\/uploads\/2024\/06\/Vasile-Ernu-150x150.jpg 150w, https:\/\/taifasfestival.ro\/wp-content\/uploads\/2024\/06\/Vasile-Ernu-12x12.jpg 12w, https:\/\/taifasfestival.ro\/wp-content\/uploads\/2024\/06\/Vasile-Ernu-320x320.jpg 320w, https:\/\/taifasfestival.ro\/wp-content\/uploads\/2024\/06\/Vasile-Ernu-760x760.jpg 760w, https:\/\/taifasfestival.ro\/wp-content\/uploads\/2024\/06\/Vasile-Ernu.jpg 1080w\" sizes=\"(max-width: 780px) 100vw, 780px\" \/>\t\t\t\t\t\t\t\t\t\t\t\t\t\t\t<\/div>\n\t\t\t\t<\/div>\n\t\t\t\t<div class=\"elementor-element elementor-element-50339faa elementor-widget elementor-widget-hub_fancy_heading\" data-id=\"50339faa\" data-element_type=\"widget\" data-widget_type=\"hub_fancy_heading.default\">\n\t\t\t\t<div class=\"elementor-widget-container\">\n\t\t\t\t\t\n\t\t<div id=\"ld-fancy-heading-69f2aece0aa20\" class=\"ld-fancy-heading pos-rel\">\n\t\t\t<h4 class=\"ld-fh-element d-inline-block pos-rel  elementor-heading-title lqd-highlight-classic lqd-highlight-grow-left h4\"  > Vasile Ernu<\/h4>\t\t<\/div>\n\n\t\t\t\t\t\t<\/div>\n\t\t\t\t<\/div>\n\t\t\t\t<div class=\"elementor-element elementor-element-7df1f8d9 elementor-widget elementor-widget-hub_fancy_heading\" data-id=\"7df1f8d9\" data-element_type=\"widget\" data-widget_type=\"hub_fancy_heading.default\">\n\t\t\t\t<div class=\"elementor-widget-container\">\n\t\t\t\t\t\n\t\t<div id=\"ld-fancy-heading-69f2aece0afee\" class=\"ld-fancy-heading pos-rel\">\n\t\t\t<p class=\"ld-fh-element d-inline-block pos-rel  lqd-highlight-classic lqd-highlight-grow-left p\"  > is a writer born in the USSR in 1971. He graduated from the Faculty of Philosophy (Al.I.Cuza University, Ia\u0219i, 1996) and obtained a Master's degree in Philosophy (Babe\u0219-Bolyai University, Cluj, 1997). He was the founding editor of the magazine Philosophy&amp;Stuff and an associate editor of Idea art\u0103+societate magazine. He has been involved with the Idea Foundation, Tranzit, and the publishing houses Idea and Polirom. In recent years, he has contributed opinion columns to Liberatatea, Rom\u00e2nia Liber\u0103, HotNews, Timpul, and Adev\u0103rul, as well as regular columns in the magazines Noua Literatur\u0103, Suplimentul de Cultur\u0103, and Observator Cultural.<\/p>\t\t<\/div>\n\n\t\t\t\t\t\t<\/div>\n\t\t\t\t<\/div>\n\t\t\t\t\t<\/div>\n\t\t<\/div>\n\t\t\t\t<div class=\"elementor-column elementor-col-50 elementor-inner-column elementor-element elementor-element-381f55a\" data-id=\"381f55a\" data-element_type=\"column\">\n\t\t\t<div class=\"elementor-widget-wrap elementor-element-populated\">\n\t\t\t\t\t\t<div class=\"elementor-element elementor-element-203496b1 elementor-widget elementor-widget-image\" data-id=\"203496b1\" data-element_type=\"widget\" data-widget_type=\"image.default\">\n\t\t\t\t<div class=\"elementor-widget-container\">\n\t\t\t\t\t\t\t\t\t\t\t\t\t\t\t<img decoding=\"async\" width=\"780\" height=\"780\" src=\"https:\/\/taifasfestival.ro\/wp-content\/uploads\/2024\/06\/Moni-Stanila-1024x1024.jpg\" class=\"attachment-large size-large wp-image-7226\" alt=\"\" srcset=\"https:\/\/taifasfestival.ro\/wp-content\/uploads\/2024\/06\/Moni-Stanila-1024x1024.jpg 1024w, https:\/\/taifasfestival.ro\/wp-content\/uploads\/2024\/06\/Moni-Stanila-300x300.jpg 300w, https:\/\/taifasfestival.ro\/wp-content\/uploads\/2024\/06\/Moni-Stanila-150x150.jpg 150w, https:\/\/taifasfestival.ro\/wp-content\/uploads\/2024\/06\/Moni-Stanila-12x12.jpg 12w, https:\/\/taifasfestival.ro\/wp-content\/uploads\/2024\/06\/Moni-Stanila-320x320.jpg 320w, https:\/\/taifasfestival.ro\/wp-content\/uploads\/2024\/06\/Moni-Stanila-760x760.jpg 760w, https:\/\/taifasfestival.ro\/wp-content\/uploads\/2024\/06\/Moni-Stanila.jpg 1080w\" sizes=\"(max-width: 780px) 100vw, 780px\" \/>\t\t\t\t\t\t\t\t\t\t\t\t\t\t\t<\/div>\n\t\t\t\t<\/div>\n\t\t\t\t<div class=\"elementor-element elementor-element-4fc055fb elementor-widget elementor-widget-hub_fancy_heading\" data-id=\"4fc055fb\" data-element_type=\"widget\" data-widget_type=\"hub_fancy_heading.default\">\n\t\t\t\t<div class=\"elementor-widget-container\">\n\t\t\t\t\t\n\t\t<div id=\"ld-fancy-heading-69f2aece0b53b\" class=\"ld-fancy-heading pos-rel\">\n\t\t\t<h4 class=\"ld-fh-element d-inline-block pos-rel  elementor-heading-title lqd-highlight-classic lqd-highlight-grow-left h4\"  > Moni St\u0103nil\u0103<\/h4>\t\t<\/div>\n\n\t\t\t\t\t\t<\/div>\n\t\t\t\t<\/div>\n\t\t\t\t<div class=\"elementor-element elementor-element-7182f990 elementor-widget elementor-widget-hub_fancy_heading\" data-id=\"7182f990\" data-element_type=\"widget\" data-widget_type=\"hub_fancy_heading.default\">\n\t\t\t\t<div class=\"elementor-widget-container\">\n\t\t\t\t\t\n\t\t<div id=\"ld-fancy-heading-69f2aece0bb31\" class=\"ld-fancy-heading pos-rel\">\n\t\t\t<p class=\"ld-fh-element d-inline-block pos-rel  lqd-highlight-classic lqd-highlight-grow-left p\"  >  was born in Tome\u0219ti, Timi\u0219 County, in 1978. She studied Orthodox theology in Timi\u0219oara and Sibiu. Since 2010, she has been living in Chi\u0219in\u0103u and co-manages the literary circle \"Republica\" at the Municipal Library together with Alexandru Vakulovski. Her books have been awarded both in Moldova and Romania (Radio Romania Cultural and Observator Cultural awards for the volume \"Ofsaid,\" awards from the National Library and the Municipal Library, as well as from the Writers' Union of Moldova, among others). She has participated in various international festivals and events in Germany, France, Turkey, Spain, Bulgaria, Belgium, and her poems have been translated into French, German, English, Swedish, Spanish, Bulgarian, Hungarian, Lithuanian, Russian, Azerbaijani, Catalan, Turkish, and others.<\/p>\t\t<\/div>\n\n\t\t\t\t\t\t<\/div>\n\t\t\t\t<\/div>\n\t\t\t\t\t<\/div>\n\t\t<\/div>\n\t\t\t\t\t<\/div>\n\t\t<\/section>\n\t\t\t\t<section class=\"elementor-section elementor-inner-section elementor-element elementor-element-0fb8c24 elementor-section-boxed elementor-section-height-default elementor-section-height-default\" data-id=\"0fb8c24\" data-element_type=\"section\">\n\t\t\t\t\t\t<div class=\"elementor-container elementor-column-gap-default\">\n\t\t\t\t\t<div class=\"elementor-column elementor-col-50 elementor-inner-column elementor-element elementor-element-e3d5b0b\" data-id=\"e3d5b0b\" data-element_type=\"column\">\n\t\t\t<div class=\"elementor-widget-wrap elementor-element-populated\">\n\t\t\t\t\t\t<div class=\"elementor-element elementor-element-52c820f elementor-widget elementor-widget-image\" data-id=\"52c820f\" data-element_type=\"widget\" data-widget_type=\"image.default\">\n\t\t\t\t<div class=\"elementor-widget-container\">\n\t\t\t\t\t\t\t\t\t\t\t\t\t\t\t<img loading=\"lazy\" decoding=\"async\" width=\"780\" height=\"780\" src=\"data:image\/svg+xml;charset=utf-8,%3Csvg xmlns%3D&#039;http%3A%2F%2Fwww.w3.org%2F2000%2Fsvg&#039; viewBox%3D&#039;0 0 1024 1024&#039;%2F%3E\" class=\"attachment-large size-large wp-image-7230 ld-lazyload\" alt=\"\" data-src=\"https:\/\/taifasfestival.ro\/wp-content\/uploads\/2024\/06\/Alexandru-Vakulovski-1024x1024.jpg\" data-srcset=\"https:\/\/taifasfestival.ro\/wp-content\/uploads\/2024\/06\/Alexandru-Vakulovski-1024x1024.jpg 1024w, https:\/\/taifasfestival.ro\/wp-content\/uploads\/2024\/06\/Alexandru-Vakulovski-300x300.jpg 300w, https:\/\/taifasfestival.ro\/wp-content\/uploads\/2024\/06\/Alexandru-Vakulovski-150x150.jpg 150w, https:\/\/taifasfestival.ro\/wp-content\/uploads\/2024\/06\/Alexandru-Vakulovski-12x12.jpg 12w, https:\/\/taifasfestival.ro\/wp-content\/uploads\/2024\/06\/Alexandru-Vakulovski-320x320.jpg 320w, https:\/\/taifasfestival.ro\/wp-content\/uploads\/2024\/06\/Alexandru-Vakulovski-760x760.jpg 760w, https:\/\/taifasfestival.ro\/wp-content\/uploads\/2024\/06\/Alexandru-Vakulovski.jpg 1080w\" data-sizes=\"(max-width: 780px) 100vw, 780px\" data-aspect=\"1\" \/>\t\t\t\t\t\t\t\t\t\t\t\t\t\t\t<\/div>\n\t\t\t\t<\/div>\n\t\t\t\t<div class=\"elementor-element elementor-element-91fe164 elementor-widget elementor-widget-hub_fancy_heading\" data-id=\"91fe164\" data-element_type=\"widget\" data-widget_type=\"hub_fancy_heading.default\">\n\t\t\t\t<div class=\"elementor-widget-container\">\n\t\t\t\t\t\n\t\t<div id=\"ld-fancy-heading-69f2aece0c0b5\" class=\"ld-fancy-heading pos-rel\">\n\t\t\t<h4 class=\"ld-fh-element d-inline-block pos-rel  elementor-heading-title lqd-highlight-classic lqd-highlight-grow-left h4\"  > Alexandru Vakulovski<\/h4>\t\t<\/div>\n\n\t\t\t\t\t\t<\/div>\n\t\t\t\t<\/div>\n\t\t\t\t<div class=\"elementor-element elementor-element-1e91bfb elementor-widget elementor-widget-hub_fancy_heading\" data-id=\"1e91bfb\" data-element_type=\"widget\" data-widget_type=\"hub_fancy_heading.default\">\n\t\t\t\t<div class=\"elementor-widget-container\">\n\t\t\t\t\t\n\t\t<div id=\"ld-fancy-heading-69f2aece0c68c\" class=\"ld-fancy-heading pos-rel\">\n\t\t\t<p class=\"ld-fh-element d-inline-block pos-rel  lqd-highlight-classic lqd-highlight-grow-left p\"  > was born in 1978 in the Republic of Moldova. He is a poet, prose writer, playwright, translator, journalist, and screenwriter. He graduated from the Faculty of Letters at Babe\u0219-Bolyai University in Cluj. Together with his brother Mihail Vakulovski and graphic artist Dan Perjovschi, he co-founded the online magazine Tiuk!. He served as editor-in-chief of the magazine Stare de Urgen\u021b\u0103 in 2009 and as an editor at the magazine Revista la PLIC \u2013 literatur\u0103, art\u0103, atitudine in 2010. Alongside Moni St\u0103nil\u0103, he co-manages the Republica literary circle at the Municipal Library in Chi\u0219in\u0103u. Since 2019, he has been conducting Dialogurile bibliotecii for the same library. Poems and excerpts from his books have been translated into German, English, Czech, French, Swedish, Russian, Azerbaijani, Turkish, Hungarian, Italian, Greek, and Lithuanian.<\/p>\t\t<\/div>\n\n\t\t\t\t\t\t<\/div>\n\t\t\t\t<\/div>\n\t\t\t\t\t<\/div>\n\t\t<\/div>\n\t\t\t\t<div class=\"elementor-column elementor-col-50 elementor-inner-column elementor-element elementor-element-d79bcca\" data-id=\"d79bcca\" data-element_type=\"column\">\n\t\t\t<div class=\"elementor-widget-wrap elementor-element-populated\">\n\t\t\t\t\t\t<div class=\"elementor-element elementor-element-97dae59 elementor-widget elementor-widget-image\" data-id=\"97dae59\" data-element_type=\"widget\" data-widget_type=\"image.default\">\n\t\t\t\t<div class=\"elementor-widget-container\">\n\t\t\t\t\t\t\t\t\t\t\t\t\t\t\t<img loading=\"lazy\" decoding=\"async\" width=\"780\" height=\"780\" src=\"data:image\/svg+xml;charset=utf-8,%3Csvg xmlns%3D&#039;http%3A%2F%2Fwww.w3.org%2F2000%2Fsvg&#039; viewBox%3D&#039;0 0 1024 1024&#039;%2F%3E\" class=\"attachment-large size-large wp-image-7231 ld-lazyload\" alt=\"\" data-src=\"https:\/\/taifasfestival.ro\/wp-content\/uploads\/2024\/06\/Adi-Schiop-1024x1024.jpg\" data-srcset=\"https:\/\/taifasfestival.ro\/wp-content\/uploads\/2024\/06\/Adi-Schiop-1024x1024.jpg 1024w, https:\/\/taifasfestival.ro\/wp-content\/uploads\/2024\/06\/Adi-Schiop-300x300.jpg 300w, https:\/\/taifasfestival.ro\/wp-content\/uploads\/2024\/06\/Adi-Schiop-150x150.jpg 150w, https:\/\/taifasfestival.ro\/wp-content\/uploads\/2024\/06\/Adi-Schiop-12x12.jpg 12w, https:\/\/taifasfestival.ro\/wp-content\/uploads\/2024\/06\/Adi-Schiop-320x320.jpg 320w, https:\/\/taifasfestival.ro\/wp-content\/uploads\/2024\/06\/Adi-Schiop-760x760.jpg 760w, https:\/\/taifasfestival.ro\/wp-content\/uploads\/2024\/06\/Adi-Schiop.jpg 1080w\" data-sizes=\"(max-width: 780px) 100vw, 780px\" data-aspect=\"1\" \/>\t\t\t\t\t\t\t\t\t\t\t\t\t\t\t<\/div>\n\t\t\t\t<\/div>\n\t\t\t\t<div class=\"elementor-element elementor-element-71f8c46 elementor-widget elementor-widget-hub_fancy_heading\" data-id=\"71f8c46\" data-element_type=\"widget\" data-widget_type=\"hub_fancy_heading.default\">\n\t\t\t\t<div class=\"elementor-widget-container\">\n\t\t\t\t\t\n\t\t<div id=\"ld-fancy-heading-69f2aece0cc29\" class=\"ld-fancy-heading pos-rel\">\n\t\t\t<h4 class=\"ld-fh-element d-inline-block pos-rel  elementor-heading-title lqd-highlight-classic lqd-highlight-grow-left h4\"  > Adi Schiop<\/h4>\t\t<\/div>\n\n\t\t\t\t\t\t<\/div>\n\t\t\t\t<\/div>\n\t\t\t\t<div class=\"elementor-element elementor-element-c9adf25 elementor-widget elementor-widget-hub_fancy_heading\" data-id=\"c9adf25\" data-element_type=\"widget\" data-widget_type=\"hub_fancy_heading.default\">\n\t\t\t\t<div class=\"elementor-widget-container\">\n\t\t\t\t\t\n\t\t<div id=\"ld-fancy-heading-69f2aece0d0cf\" class=\"ld-fancy-heading pos-rel\">\n\t\t\t<p class=\"ld-fh-element d-inline-block pos-rel  lqd-highlight-classic lqd-highlight-grow-left p\"  > is a writer and screenwriter. He graduated from the Faculty of Psychology and Educational Sciences at Babe\u0219-Bolyai University, Cluj, and later obtained a master's degree in linguistics from the Faculty of Letters at the same university. He earned his PhD in anthropology from SNSPA Bucharest, with a thesis on manele music, supervised by Professor Vintil\u0103 Mih\u0103ilescu, and published under the title \"\u0218mecherie \u0219i lume rea. Universul social al manelelor\" (Cartier, 2017).\nHe spent one and a half years (2001-2003) as an illegal immigrant in New Zealand, working in agriculture and as a painter. In Romania, he worked as a literature teacher (1997-2001), journalist (2004-2010), and content writer (2019-present). He has published four autofictional novels: \"pe bune\/pe invers\" (Polirom, 2004), \"Zero grade Kelvin\" (Polirom, 2009), \"Solda\u021bii. Poveste din Ferentari\" (Polirom, 2013, 2014, 2017), and \"S\u0103 ne fie la to\u021bi la fel de r\u0103u\" (2021, 2023), along with a volume of poetry, \"nu e dragoste\" (Cartier, 2023).<\/p>\t\t<\/div>\n\n\t\t\t\t\t\t<\/div>\n\t\t\t\t<\/div>\n\t\t\t\t\t<\/div>\n\t\t<\/div>\n\t\t\t\t\t<\/div>\n\t\t<\/section>\n\t\t\t\t\t<\/div>\n\t\t<\/div>\n\t\t\t\t\t<\/div>\n\t\t<\/section>\n\t\t\t\t<\/div>","protected":false},"excerpt":{"rendered":"<p>Reziden\u021ba literar\u0103 Reziden\u021ba literar\u0103 TAIFAS este organizat\u0103 \u00eempreun\u0103 cu libr\u0103ria independent\u0103 \u201eLa Dou\u0103 Bufni\u021be\u201d \u0219i \u00ee\u0219i propune s\u0103 ofere cadru \u00een care scriitori contemporani vor avea ocazia s\u0103 scrie \u00een intimitatea ora\u0219ului, timp de o lun\u0103, despre viziunea lor asupra culturii balcanice. Eseuri \u0219i impresii 2023 Ce au scris autorii pe parcursul \u0219ederii lor \u00een [&hellip;]<\/p>","protected":false},"author":1,"featured_media":0,"parent":0,"menu_order":0,"comment_status":"closed","ping_status":"closed","template":"","meta":{"inline_featured_image":false,"footnotes":""},"class_list":["post-7199","page","type-page","status-publish","hentry"],"_links":{"self":[{"href":"https:\/\/taifasfestival.ro\/en\/wp-json\/wp\/v2\/pages\/7199","targetHints":{"allow":["GET"]}}],"collection":[{"href":"https:\/\/taifasfestival.ro\/en\/wp-json\/wp\/v2\/pages"}],"about":[{"href":"https:\/\/taifasfestival.ro\/en\/wp-json\/wp\/v2\/types\/page"}],"author":[{"embeddable":true,"href":"https:\/\/taifasfestival.ro\/en\/wp-json\/wp\/v2\/users\/1"}],"replies":[{"embeddable":true,"href":"https:\/\/taifasfestival.ro\/en\/wp-json\/wp\/v2\/comments?post=7199"}],"version-history":[{"count":15,"href":"https:\/\/taifasfestival.ro\/en\/wp-json\/wp\/v2\/pages\/7199\/revisions"}],"predecessor-version":[{"id":7240,"href":"https:\/\/taifasfestival.ro\/en\/wp-json\/wp\/v2\/pages\/7199\/revisions\/7240"}],"wp:attachment":[{"href":"https:\/\/taifasfestival.ro\/en\/wp-json\/wp\/v2\/media?parent=7199"}],"curies":[{"name":"wp","href":"https:\/\/api.w.org\/{rel}","templated":true}]}}